{"id":764,"date":"2017-03-10T11:03:10","date_gmt":"2017-03-10T11:03:10","guid":{"rendered":"http:\/\/varialing.web.ua.pt\/?page_id=764"},"modified":"2019-12-09T21:02:27","modified_gmt":"2019-12-09T21:02:27","slug":"posters","status":"publish","type":"page","link":"https:\/\/www.varialing.eu\/?page_id=764","title":{"rendered":"P\u00f3steres"},"content":{"rendered":"<h5><strong>Por ordem inversa de realiza\u00e7\u00e3o<\/strong><\/h5>\n<p><strong>2019<\/strong><\/p>\n<p>MOUTINHO L. C. (CLLC, UA); G\u00d3MEZ BAUTISTA, A. (CLLC\/ UA) &#8211; Acerca da varia\u00e7\u00e3o pros\u00f3dica em mirand\u00eas, Poster apresentado nas jornadas em L\u00ednguas Minorit\u00e1rias, Centro de L\u00ednguas Literaturas e Culturas, Universidade de Aveiro, 6 de dezembro de 2019<\/p>\n<p><strong>2018<\/strong><\/p>\n<p>MOUTINHO L. C. (CLLC, UA) VIEIRA, A. (UA) G\u00d3MEZ BAUTISTA, A. CLLC\/ UA; ISCAL) REI, Elisa Fern\u00e1ndez (ILG, USC\/ CLLC) REBELO H. (CLLC, UA; UMA) SALEMA L.F. (CLLC, UA; UNL) COIMBRA R.L. (CLLC, UA) SOUSA FERN\u00c1NDEZ X. (ILG, USC\/ CLLC) &#8211; &#8221; An\u00e1lise dialectom\u00e9trica e cartogr\u00e1fia da varia\u00e7\u00e3o lingu\u00edstica &#8220;Poster apresentado no Congresso Internacional em Varia\u00e7\u00e3o Lingu\u00edstica nas L\u00ednguas Rom\u00e2nicas, Centro de L\u00ednguas Literaturas e Culturas, Universidade de Aveiro, 2-4 de maio 2018.<\/p>\n<p>MOUTINHO L. C. (CLLC, UA); G\u00d3MEZ BAUTISTA, A. (CLLC\/ UA) &#8211; &#8220;Aspetos da geopros\u00f3dia no planalto mirand\u00eas &#8221; , Poster apresentado no Congresso Internacional em Varia\u00e7\u00e3o Lingu\u00edstica nas L\u00ednguas Rom\u00e2nicas, Centro de L\u00ednguas Literaturas e Culturas, Universidade de Aveiro, 2-4 de maio 2018.<\/p>\n<p><strong> 2016<\/strong><\/p>\n<p>AMORIM, F. Consoantes l\u00edquidas \/l\/ e \/r\/: \u201cconfus\u00f5es\u201d fon\u00e9ticas. (Re)vis\u00e3o de acordo com o perfil dos estudantes. Poster apresentado nas V Jornadas de Ci\u00eancias da Linguagem, Universidade de Aveiro (2016, junho).<\/p>\n<p>CALIL, E. PEREIRA, L. A. COIMBRA, R. L. &amp; SANTOS, E. da \u2013 \u201cLexical diversity and lexical density in texts written by newly literate students: a comparative study of individual and dyadic productions\u201d, poster apresentado no SIG Wrtiting Conference and Research School, 1-6 de julho de 2016, Liverpool, Hope University, UK.<\/p>\n<p>COIMBRA, R. L. &amp; MOUTINHO, L. de C. \u2013 \u201cPresen\u00e7a de italianismos nos nomes empresariais em Portugal\u201d, poster apresentado \u00e0s V Jornadas de Ci\u00eancias da Linguagem, Centro de L\u00ednguas Literaturas e Culturas, Universidade de Aveiro, 29 de junho 2016.<\/p>\n<p>FUENTE-ARRIBAS, M.J.,\u00a0 \u201cProcessos e procedimentos mentais implicados na forma\u00e7\u00e3o e desconstru\u00e7\u00e3o do erro com tend\u00eancia a fossiliza\u00e7\u00e3o na aprendizagem do espanhol em estudantes com l\u00edngua materna portuguesa\u201d\u00a0 poster apresentado nas V Jornadas de Ci\u00eancias da Linguagem organizadas pelo grupo de Ci\u00eancias da Linguagem do CLLC.<\/p>\n<p>LIMA, R. M. &#8211; Perce\u00e7\u00e3o Auditiva: Mem\u00f3ria e Compreens\u00e3o Verbal. Estudo comparativo entre performances de crian\u00e7as com e sem problemas de linguagem . Poster apresentado \u00e0s V Jornadas de Ci\u00eancias da Linguagem, Centro de L\u00ednguas Literaturas e Culturas, Universidade de Aveiro, 29 de junho 2016.<\/p>\n<p>LIMA, R. M., Moutinho, L. &amp; Salgado, A. \u201cFonologia e mem\u00f3ria verbal: estudo de caso&#8221;. Poster apresentado \u00e0 VIII Confer\u00eancia Internacional da Aquisi\u00e7\u00e3o da Linguagem, Palma de Maiorca, Espanha, 7-9 de setembro de 2016.<\/p>\n<p>LIMA, R. M., MOUTINHO, L.C. &amp; SALGADO, A. \u201cFonologia e mem\u00f3ria verbal: estudo de caso&#8221;. Poster apresentado \u00e0 VIII Confer\u00eancia Internacional da Aquisi\u00e7\u00e3o da Linguagem, Palma de Maiorca, Espanha, 7-9 de setembro de 2016.<\/p>\n<p>MOURA, I., PEREIRA, L. A. &amp; COIMBRA, R. L. \u2013 \u201cWriting skills development in portuguese schools: a longitudinal study\u201d, apresentado no SIG Wrtiting Conference and Research School, 1-6 de julho de 2016, Liverpool, Hope University, UK.<\/p>\n<p>PEREIRA, U. &amp; COIMBRA, R. L. \u2013 \u201cMet\u00e1foras de flores e frutos em falantes portugueses e chineses\u201d, poster apresentado \u00e0s V Jornadas de Ci\u00eancias da Linguagem, Centro de L\u00ednguas Literaturas e Culturas, Universidade de Aveiro, 29 de junho 2016.<\/p>\n<p>SILVA, C.; VIANA, F.L.; RIBEIRO,I.; LIMA, R. &amp; CADIME,I. &#8220;Communicative Development of Portuguese infants aged between 8 and 15 months&#8221; . Poster apresentado \u00e0s VIII Confer\u00eancia Internacional da Aquisi\u00e7\u00e3o da Linguagem, Palma de Maiorca, Espanha, 7-9 de setembro de 2016.<\/p>\n<p>SOUSA, X., DUBERT-GARCIA, F., REI, E. F.\u00a0 &amp; MOUTINHO, L. C.&#8221;Contacto e mudan\u00e7a lingu\u00edstica em galego&#8221;. Poster apresentado \u00e0s V Jornadas de Ci\u00eancias da Linguagem do Centro de L\u00ednguas, Literaturas e Culturas, DLC, 29 de junho de 2016.<\/p>\n<p><strong>2015<\/strong><\/p>\n<p>BAUTISTA, Alberto G\u00f3mez, Rosa L\u00eddia COIMBRA &amp; Lurdes de Castro MOUTINHO \u2013 \u201cUm projeto de investiga\u00e7\u00e3o em pros\u00f3dia para a l\u00edngua mirandesa\u201d, poster apresentado \u00e0s IV Jornadas de Ci\u00eancias da Linguagem do CLLC\/DLC, Universidade de Aveiro, 30-06-2015.\u00a0 <a href=\"http:\/\/blogs.ua.pt\/dlc\/?p=1182\">http:\/\/blogs.ua.pt\/dlc\/?p=1182<\/a><\/p>\n<p>COIMBRA, Rosa L\u00eddia; MOUTINHO, Lurdes de Castro &amp; BERNARDES, Maria Clara Rol\u00e3o Bernardes &#8211; apresenta\u00e7\u00e3o de um poster intitulado &#8220;Dist\u00e2ncias pros\u00f3dicas entre variedades do portugu\u00eas continental e insular&#8221; nas IV Jornadas de Ci\u00eancias da Linguagem, que decorreram no DLC em 30 de junho de 2015.<\/p>\n<p>MORAIS, Carlos, BRASETE, Maria Fernanda &amp; COIMBRA, Rosa L\u00eddia \u2013 \u201cPalavras de ordem em cartazes e murais. Um estudo lingu\u00edstico\u201d, poster apresentado \u00e0s IV Jornadas de Ci\u00eancias da Linguagem do CLLC\/DLC, Universidade de Aveiro, 30-06-2015.<\/p>\n<p>MOUTINHO, Lurdes de Castro; COIMBRA, Rosa L\u00eddia &amp; REI, Elisa Fern\u00e1ndez &#8211; apresenta\u00e7\u00e3o de um poster intitulado &#8220;Atlas pros\u00f3dico de Portugal continental e da Galiza: esbo\u00e7o de um projeto&#8221; nas IV Jornadas de Ci\u00eancias da Linguagem, que decorreram no DLC em 30 de junho de 2015.<\/p>\n<p>MOUTINHO, Lurdes de Castro; COIMBRA, Rosa L\u00eddia &amp; REI, Elisa Fern\u00e1ndez &#8211; \u201cPara a constru\u00e7\u00e3o de um atlas pros\u00f3dico de Portugal e da Galiza: Uma ideia com futuro\u201d, poster apresentado ao Col\u00f3quio Internacional de Geopros\u00f3dia do Portugu\u00eas e do Galego, Universidade de Aveiro, 17 a 19 de junho de 2015. <a href=\"http:\/\/blogs.ua.pt\/linguistica\/\">http:\/\/blogs.ua.pt\/linguistica\/<\/a><\/p>\n<p>PEREIRA, Urbana &amp; Rosa L\u00eddia COIMBRA \u2013 \u201cCan\u00e7\u00f5es de interven\u00e7\u00e3o Um estudo lexicom\u00e9trico\u201d, poster apresentado \u00e0s IV Jornadas de Ci\u00eancias da Linguagem do CLLC\/DLC, Universidade de Aveiro, 30-06-2015.\u00a0 <a href=\"http:\/\/blogs.ua.pt\/dlc\/?p=1182\">http:\/\/blogs.ua.pt\/dlc\/?p=1182<\/a><\/p>\n<p>REI, Elisa Fern\u00e1ndez &amp; MOUTINHO, Lurdes de Castro &#8211; apresenta\u00e7\u00e3o de um poster intitulado &#8220;Essa pergunta&#8230; \u00e9 galego ou portugu\u00eas?&#8221; no evento Gallaecia \u2013 III Congresso Internacional de Lingu\u00edstica Hist\u00f3rica, Santiago de Compostela, 27-30 de julho de 2015.<\/p>\n<p><strong>2014<\/strong><\/p>\n<p>AMORIM, F., MOREIRA, G. e COSTA, N. \u2014 Apresenta\u00e7\u00e3o de um poster intitulado \u201cMobilidade e Identidade Lingu\u00edstica europeia: o projeto Hook Up! e o ensino e a aprendizagem do Portugu\u00eas l\u00edngua estrangeira\u201d, no \u00e2mbito das \u201cIII Jornadas de Ci\u00eancias da Linguagem\u201d, realizadas no Departamento de L\u00ednguas e Culturas da Universidade de Aveiro, a 9 de julho de 2014.<\/p>\n<p>G\u00d3MEZ BAUTISTA, Alberto &#8211; \u201cMirand\u00eas \u2013 a outra l\u00edngua de Portugal\u201d, poster apresentado no \u00e2mbito das III Jornadas de Ci\u00eancias da Linguagem realizadas no Departamento de L\u00ednguas e Culturas da Universidade de Aveiro, 2014.<\/p>\n<p>REI, Elisa Fern\u00e1ndez;COIMBRA, Rosa L\u00eddia &amp; MOUTINHO, Lurdes de Castro. &#8220;Contributos para um estudo percetivo da entoa\u00e7\u00e3o portuguesa e galega&#8221;. Poster apresentado \u00e0s III Jornadas de Ci\u00eancias da Linguagem do Centro de L\u00ednguas, Literaturas e Culturas da Universidade de Aveiro, 09-07-2014.<\/p>\n<p>SALEMA, Lu\u00eds &#8211; &#8220;Algumas pistas para a carateriza\u00e7\u00e3o percetual de dialetos do Portugu\u00eas europeu&#8221;, poster apresentado no \u00e2mbito das III Jornadas de Ci\u00eancias da Linguagem realizadas no Departamento de L\u00ednguas e Culturas da Universidade de Aveiro, 2014.<\/p>\n<p><strong>2013<\/strong><\/p>\n<p>MOUTINHO, Lurdes de Castro e COIMBRA, Rosa L\u00eddia &#8211; Apresenta\u00e7\u00e3o de um poster intitulado &#8220;Um estudo lingu\u00edstico da mem\u00f3ria real no meio empresarial&#8221;, II Jornadas de Ci\u00eancias da Linguagem do Centro de L\u00ednguas e Culturas, Universidade de Aveiro, 12 de junho de 2013.<\/p>\n<p>PEREIRA, Urbana e COIMBRA, Rosa L\u00eddia &#8211; Apresenta\u00e7\u00e3o de um poster intitulado &#8220;Primavera-ver\u00e3o e outono-inverno. Um estudo lingu\u00edstico de folhetos de viagens \u00e0 Turquia&#8221;, II Jornadas de Ci\u00eancias da Linguagem do Centro de L\u00ednguas e Culturas, Universidade de Aveiro, 12 de junho de 2013.<\/p>\n<p>REBELO, Helena &#8211; Apresenta\u00e7\u00e3o de um poster intitulado &#8220;A madeira e o Porto Santo. A pros\u00f3dia das ilhas&#8221;, II Jornadas de Ci\u00eancias da Linguagem do Centro de L\u00ednguas e Culturas, Universidade de Aveiro, 12 de junho de 2013.<\/p>\n<p><strong>2012<\/strong><\/p>\n<p>BORGES, Helena; Rosa L\u00eddia COIMBRA; Lu\u00edsa \u00c1lvares PEREIRA \u2013 \u201cA produ\u00e7\u00e3o de texto po\u00e9tico no 6.\u00ba ano de escolaridade: uma pesquisa no \u00e2mbito do projeto ProTextos\u201d (poster). I Jornadas das Ci\u00eancias da Linguagem do Centro de L\u00ednguas e Culturas, Departamento de L\u00ednguas e Culturas, Universidade de Aveiro, 20-06-2012.<\/p>\n<p>CRUZ, Regina; Ilma SANTO; Camila BRITO; Rosinele LEMOS; Isabel DOS REM\u00c9DIO; Jo\u00e3o FREITAS; Elizeth GUIMAR\u00c3ES &amp; Lurdes MOUTINHO. &#8220;Formation and annotation of North AMPER project&#8217;s corpus&#8221;. Congresso internacional GSCP (Gruppo di Studi sulla Comunicazione Parlata da Societ\u00e0 di Linguistica Italiana), Belo Horizonte, Faculdade de Letras, Universidade Federal de Minas Gerais, 29 de fevereiro a 2 de mar\u00e7o de 2012.<\/p>\n<p>MOUTINHO, Lurdes de Castro &#8211; &#8220;O AMPER-POR no projeto AMPER&#8221;, poster apresentado nas I Jornadas de Ci\u00eancias da Linguagem do Centro de L\u00ednguas e Culturas, Departamento de L\u00ednguas e Culturas, Universidade de Aveiro, 20-06-2012.<\/p>\n<p>MOUTINHO, Lurdes de Castro; COIMBRA, Rosa L\u00eddia; ROMANO, Antonio; RILLIARD, Albert &#8211; &#8220;Varia\u00e7\u00e3o pros\u00f3dica em duas L\u00ednguas rom\u00e2nicas: Um estudo dialetom\u00e9trico&#8221;, poster apresentado nas I Jornadas de Ci\u00eancias da Linguagem do Centro de L\u00ednguas e Culturas, Departamento de L\u00ednguas e Culturas, Universidade de Aveiro, 20-06-2012.<\/p>\n<p>PEREIRA, Urbana; Rosa L\u00eddia COIMBRA \u2013 \u201cSushi na net: an\u00e1lise de publicidades a restaurantes japoneses em Portugal\u201d (poster). I Jornadas das Ci\u00eancias da Linguagem do Centro de L\u00ednguas e Culturas, Departamento de L\u00ednguas e Culturas, Universidade de Aveiro, 20-06-2012.<\/p>\n<p>REI, Elisa Fern\u00e1ndez; MOUTINHO, Lurdes de Castro &#8211; &#8220;Contributo para o estudo percetivo de variantes dialectais pros\u00f3dicas na fronteira galaico-portuguesa&#8221;, poster apresentado nas I Jornadas de Ci\u00eancias da Linguagem do Centro de L\u00ednguas e Culturas, Departamento de L\u00ednguas e Culturas, Universidade de Aveiro, 20-06-2012.<\/p>\n<p>ROMANO, Antonio (Universit\u00e0 di Torino), Lurdes DE CASTRO MOUTINHO (Universidade de Aveiro), Rosa Lidia COIMBRA (Universidade de Aveiro) and Albert RILLIARD (LIMSI, CNRS): \u201cMedidas da varia\u00e7\u00e3o pros\u00f3dica diat\u00f3pica no espa\u00e7o rom\u00e2nico\u201d. Congresso internacional GSCP (Gruppo di Studi sulla Comunicazione Parlata da Societ\u00e0 di Linguistica Italiana), Belo Horizonte, Faculdade de Letras, Universidade Federal de Minas Gerais, 29 de fevereiro a 2 de mar\u00e7o de 2012.<\/p>\n<p>ROMANO, Antonio Romano; MOUTINHO, Lurdes de Castro Moutinho; COIMBRA, Rosa L\u00eddia &amp; RILLIARD, Albert \u2013 \u201cMedidas da varia\u00e7\u00e3o pros\u00f3dica diat\u00f3pica no espa\u00e7o rom\u00e2nico\u201d (poster). VII GSCP 2012 International Conference: Speech and Corpora. Belo Horizonte, Brasil, 29\/02-02\/03\/2012.<\/p>\n<p>VAZ, Ana Margarida; PAIVA, Silvana; COIMBRA, Rosa L\u00eddia; MOUTINHO, Lurdes de Castro &#8211; &#8220;AMPER-POR: Trabalho em curso na Universidade de Aveiro&#8221;, poster apresentado nas I Jornadas de Ci\u00eancias da Linguagem do Centro de L\u00ednguas e Culturas, Departamento de L\u00ednguas e Culturas, Universidade de Aveiro, 20-06-2012.<\/p>\n<p><strong>2005<\/strong><\/p>\n<p>NUNES, Ana Margarida, LIMA,\u00a0 Rosa, MOUTINHO Lurdes Castro, COIMBRA, Rosa L\u00eddia, Ant\u00f3nio Teixeira &#8211;\u00a0 &#8220;Qualidades de voz em disfonia psicog\u00e9nica: estudo de um caso&#8221;, Poster \u00a0\u00a0no XXI Encontro da Associa\u00e7\u00e3o Portuguesa de Lingu\u00edstica, FLUP, Porto, 2005.<\/p>\n<p>\u00a0<\/p>\n<p>\u00a0<\/p>\n<p>\u00a0<\/p>\n<p>\u00a0<\/p>\n\n\n<p><\/p>\n","protected":false},"excerpt":{"rendered":"<p>Por ordem inversa de realiza\u00e7\u00e3o 2019 MOUTINHO L. C. (CLLC, UA); G\u00d3MEZ BAUTISTA, A. (CLLC\/ UA) &#8211; Acerca da varia\u00e7\u00e3o pros\u00f3dica em mirand\u00eas, Poster apresentado nas jornadas em L\u00ednguas Minorit\u00e1rias, Centro de L\u00ednguas Literaturas e Culturas, Universidade de Aveiro, 6 de dezembro de 2019 2018 MOUTINHO L. C. (CLLC, UA) VIEIRA, A. (UA) G\u00d3MEZ BAUTISTA, <a class=\"read-more\" href=\"https:\/\/www.varialing.eu\/?page_id=764\">Read More<\/a><\/p>\n","protected":false},"author":2,"featured_media":0,"parent":356,"menu_order":0,"comment_status":"closed","ping_status":"closed","template":"template-full-width.php","meta":{"footnotes":""},"class_list":["post-764","page","type-page","status-publish","hentry"],"_links":{"self":[{"href":"https:\/\/www.varialing.eu\/index.php?rest_route=\/wp\/v2\/pages\/764","targetHints":{"allow":["GET"]}}],"collection":[{"href":"https:\/\/www.varialing.eu\/index.php?rest_route=\/wp\/v2\/pages"}],"about":[{"href":"https:\/\/www.varialing.eu\/index.php?rest_route=\/wp\/v2\/types\/page"}],"author":[{"embeddable":true,"href":"https:\/\/www.varialing.eu\/index.php?rest_route=\/wp\/v2\/users\/2"}],"replies":[{"embeddable":true,"href":"https:\/\/www.varialing.eu\/index.php?rest_route=%2Fwp%2Fv2%2Fcomments&post=764"}],"version-history":[{"count":9,"href":"https:\/\/www.varialing.eu\/index.php?rest_route=\/wp\/v2\/pages\/764\/revisions"}],"predecessor-version":[{"id":4603,"href":"https:\/\/www.varialing.eu\/index.php?rest_route=\/wp\/v2\/pages\/764\/revisions\/4603"}],"up":[{"embeddable":true,"href":"https:\/\/www.varialing.eu\/index.php?rest_route=\/wp\/v2\/pages\/356"}],"wp:attachment":[{"href":"https:\/\/www.varialing.eu\/index.php?rest_route=%2Fwp%2Fv2%2Fmedia&parent=764"}],"curies":[{"name":"wp","href":"https:\/\/api.w.org\/{rel}","templated":true}]}}