{"id":4190,"date":"2018-10-24T12:43:53","date_gmt":"2018-10-24T12:43:53","guid":{"rendered":"http:\/\/www.varialing.eu\/?page_id=4190"},"modified":"2019-09-04T11:55:07","modified_gmt":"2019-09-04T11:55:07","slug":"sergipe","status":"publish","type":"page","link":"https:\/\/www.varialing.eu\/?page_id=4190","title":{"rendered":"SERGIPE"},"content":{"rendered":"<h5><b>Equipa de Sergipe<\/b><\/h5>\n<p>\u2013 Vanessa Gonzaga Nunes &#8211;\u00a0 respons\u00e1vel de equipa (Doutora da Universidade \u00a0(Doutora pela UFSC e Docente da Universidade Federal de Sergipe \u00a0em 2015 \u2013 colaboradora do FONAPLI) desde 2017.<\/p>\n<p>\u2013 Adilson Wagner Oliveira de Matos (graduando em Letras na Universidade Federal do Sergipe)<br \/>\n\u2013 Daiane Santana Santos (graduanda em Letras na Universidade Federal do Sergipe)<br \/>\n\u2013 Thaina Mirelly Alves da Silva (graduanda em Letras na Universidade Federal do Sergipe)<br \/>\n\u2013 Odeilzo Nicolau Ferb\u00f4nio (graduando em Letras na Universidade Federal do Sergipe.<\/p>\n<h5><\/h5>\n<h5><strong>Pontos de recolha<\/strong><\/h5>\n<p><img loading=\"lazy\" decoding=\"async\" class=\"alignleft size-medium wp-image-4198\" src=\"http:\/\/www.varialing.eu\/wp-content\/uploads\/2018\/10\/sergipe-254x300.png\" alt=\"\" width=\"254\" height=\"300\" srcset=\"https:\/\/www.varialing.eu\/wp-content\/uploads\/2018\/10\/sergipe-254x300.png 254w, https:\/\/www.varialing.eu\/wp-content\/uploads\/2018\/10\/sergipe.png 262w\" sizes=\"auto, (max-width: 254px) 100vw, 254px\" \/><\/p>\n<h5><strong>Publica\u00e7\u00f5es (ordem alfab\u00e9tica)\u00a0<\/strong><\/h5>\n<p><span lang=\"PT-BR\"><span style=\"font-family: Thread-000023b0-Id-000000e1; font-size: medium;\">NUNES, V., G., SEARA, I., C., (2019). A investiga\u00e7\u00e3o da pros\u00f3dia de senten\u00e7as interrogativas totais em variedades dialetais catarinenses e sergipanas com foco em diferentes metodologias. .\u00a0<em>In<\/em>\u00a0Lurdes Moutinho (CLLC\/UA) \u2013 Portugal, Sandra Madureira (PUC\/SP) \u2013 Brasil (eds.). A pros\u00f3dia das l\u00ednguas rom\u00e2nicas. N\u00famero tem\u00e1tico da\u00a0Revista Interc\u00e2mbio, v. XXXIX, 2019. S\u00e3o Paulo: LAEL\/PUCSP. ISNN 2237-759X,\u00a0 pp. 202-223<\/span><\/span><\/p>\n<p><span lang=\"PT-BR\"><span style=\"font-family: Thread-000023b0-Id-000000e1; font-size: medium;\">NUNES, Vanessa Gonzaga; &#8220;<\/span><a href=\"http:\/\/openaccess.blucher.com.br\/article-details\/9-20509\">Contribui\u00e7\u00f5es sobre as caracter\u00edsticas pros\u00f3dicas de interrogativas totais neutras produzidas por sergipanos<\/a><span style=\"font-family: Thread-000023b0-Id-000000e1; font-size: medium;\">&#8220;, p. 145-162 . In: Pros\u00f3dia da fala: pesquisa e ensino. S\u00e3o Paulo: Blucher, 2017. ISBN: 9788580392593, DOI 10.5151\/9788580392593-09<\/span><\/span><\/p>\n<p><span lang=\"PT-BR\"><span style=\"font-family: Thread-000023b0-Id-000000e1; font-size: medium;\">NUNES, Vanessa G. ; SEARA, I. C. . Distin\u00e7\u00e3o de variedades dialetais e de modalidades atrav\u00e9s de contornos de regi\u00f5es pr\u00e9-nucleares: an\u00e1lises ac\u00fasticas e perceptuais. Diadorim (Rio de Janeiro), v. 17, p. 34\/2-51, 2015<\/span><\/span><\/p>\n<p><span lang=\"PT-BR\"><span style=\"font-family: Thread-000023b0-Id-000000e1; font-size: medium;\">NUNES, Vanessa G.; DIAS, Eva O. (2015). Senten\u00e7as interrogativas totais neutras e n\u00e3o-neutras no falar florianopolitano. Working Papers, UFSC, v. 15 p. 140 .<\/span><\/span><\/p>\n<p><span lang=\"PT-BR\"><span style=\"font-family: Thread-000023b0-Id-000000e1; font-size: medium;\">NUNES, Vanessa G.; SEARA, Izabel C.; RILLIARD, Albert (2015). Pistas pros\u00f3dicas do falar catarinense: um estudo sobre interrogativas totais neutras. Revista Linguagem e Ensino, v. 18, p.251.<\/span><\/span><\/p>\n<p><span lang=\"PT-BR\"><span style=\"font-family: Thread-000023b0-Id-000000e1; font-size: medium;\">NUNES, Vanessa Gonzaga (2015). Desvozeamentos e redu\u00e7\u00f5es voc\u00e1licas como pistas da varia\u00e7\u00e3o pros\u00f3dica na fala dos catarinenses. In MOUTINHO, Lurdes de Castro; COIMBRA, Rosa L\u00eddia; REI; Elisa Fern\u00e1ndez (coords). (2015). \u00a0Estudos em varia\u00e7\u00e3o geopros\u00f3dica. Aveiro: UA Editora, Universidade de Aveiro, pp. \u00a0231-247.<\/span><\/span><\/p>\n<p><span lang=\"PT-BR\"><span style=\"font-family: Thread-000023b0-Id-000000e1; font-size: medium;\">NUNES, Vanessa Gonzaga. \u00a0Apagamentos e redu\u00e7\u00f5es voc\u00e1licas como pistas da varia\u00e7\u00e3o pros\u00f3dica na fala dos catarinenses. Comunica\u00e7\u00e3o apresentada no Col\u00f3quio Internacional de Geopros\u00f3dia do Portugu\u00eas e do Galego, que se realizou no Departamento de L\u00ednguas e Culturas da Universidade de Aveiro, Portugal, de 17 a 19 de junho de 2015. Resumo<\/span><\/span><\/p>\n<p><span lang=\"PT-BR\"><span style=\"font-family: Thread-000023b0-Id-000000e1; font-size: medium;\">NUNES, Vanessa Gonzaga. Pistas pros\u00f3dicas do falar catarinense: um estudo sobre interrogativas totais neutras. Comunica\u00e7\u00e3o apresentada como Simp\u00f3sio no IX Congresso Internacional da ABRALIN (Associa\u00e7\u00e3o Brasileira de Lingu\u00edstica), que se realizou na Universidade Federal do Par\u00e1 (UFPA), de 25 a 28 de fevereiro 2015. Resumo<\/span><\/span><\/p>\n<p><span lang=\"PT-BR\"><span style=\"font-family: Thread-000023b0-Id-000000e1; font-size: medium;\">SEARA, Izabel. C.; NUNES, Vanessa G.; SOSA, Juan Manuel. Sentence type and prenuclear contours in Brazilian Portuguese: production and perception. In: Speech Prosody 7, 2014, Dublin. Proceedings of the 7th international conference on Speech Prosody, 2014. p. 448-452. Resumo<\/span><\/span><\/p>\n<p><span lang=\"PT-BR\"><span style=\"font-family: Thread-000023b0-Id-000000e1; font-size: medium;\">SILVA, Sara Farias da e SEARA, Izabel Christine. \u201cMetodologia para coleta de dados sobre a entoa\u00e7\u00e3o do franc\u00eas: fala semi-espont\u00e2nea.\u201d Caderno de Resumos da 7\u00aa. Semana de Pesquisa e Extens\u00e3o \u2013 SEPEX, Universidade Federal de Santa Catarina, 2008 \u00a0<\/span><\/span><\/p>\n<p><span lang=\"PT-BR\"><span style=\"font-family: Thread-000023b0-Id-000000e1; font-size: medium;\">ULIANO, Cristiane Gon\u00e7alves, Vanessa Gonzaga NUNES, Izabel Christine SEARA (2015). Pistas Pros\u00f3dicas no detalhe fon\u00e9tico: movimento intrassil\u00e1bico e intersil\u00e1bico da variedade chapecoense. In MOUTINHO, Lurdes de Castro; COIMBRA, Rosa L\u00eddia; REI; Elisa Fern\u00e1ndez (coords). (2015). \u00a0Estudos em varia\u00e7\u00e3o geopros\u00f3dica. Aveiro: UA Editora, Universidade de Aveiro, pp. \u00a019-32.<\/span><\/span><\/p>\n<h5><\/h5>\n<h5><b>Trabalhos acad\u00e9micos <\/b><b>(ordem alfab\u00e9tica) <\/b><\/h5>\n<h5><b>Conclu\u00eddos<\/b><\/h5>\n<p>NUNES, Vanessa Gonzaga &#8211; \u201cAn\u00e1lises entonacionais de senten\u00e7as declarativas e interrogativas totais nos falares lageano e florianopolitano\u201d. Programa de P\u00f3s-Gradua\u00e7\u00e3o em Lingu\u00edstica, Universidade Federal de Santa Catarina. Disserta\u00e7\u00e3o de Mestrado, Florian\u00f3polis (SC), Orientadora: Profa. Izabel Christine Seara (conclu\u00eddo em 29 de abril de 2011).<\/p>\n<p>NUNES, Vanessa Gonzaga &#8211; \u201c<a href=\"https:\/\/core.ac.uk\/display\/30412243\/tab\/similar-list\">A pros\u00f3dia de senten\u00e7as interrogativas totais nos falares catarinenses e sergipanos<\/a>\u201d. Tese de doutorado, Florian\u00f3polis (SC), Orientadora: Profa. Izabel Christine Seara (conclu\u00edda em 2015).<\/p>\n<h5><b>Outras atividades \u00a0<\/b><b>(ordem alfab\u00e9tica)<\/b><\/h5>\n<p>NUNES V. G.(UFS), Seara I.(UFSC) &#8211; &#8220;A investiga\u00e7\u00e3o da pros\u00f3dia de senten\u00e7as interrogativas totais em variedades dialetais catarinenses e sergipanas com foco em diferentes metodologias&#8221;, Comunica\u00e7\u00e3o oral apresentada ao Congresso Internacional Congresso Internacional em Varia\u00e7\u00e3o Lingu\u00edstica nas L\u00ednguas Rom\u00e2nicas, Centro de L\u00ednguas Literaturas e Culturas, Universidade de Aveiro, 2-4 de maio 2018.<\/p>\n<p>NUNES, Vanessa Gonzaga Nunes &amp; SEARA, Izabel Christine (2015). \u201cVaria\u00e7\u00e3o pros\u00f3dico-entoacional em falares regionais do sul (catarinense) e do nordeste (sergipano) do Brasil\u201d. Comunica\u00e7\u00e3o oral apresentada ao Col\u00f3quio Internacional de Geopros\u00f3dia do Portugu\u00eas e do Galego, Universidade de Aveiro, Portugal, 17-19 de junho de 2015.<\/p>\n<p>NUNES, Vanessa Gonzaga. \u00a0Testes perceptuais a partir de dados produzidos por florianopolitanos e aracajuanos: uma valida\u00e7\u00e3o para hip\u00f3teses sobre variedades e modalidades. Comunica\u00e7\u00e3o a ser\u00e1 apresentada no V Col\u00f3quio Brasileiro de Fala que realizar-se-\u00e1, no m\u00eas de outubro de 2015, em Bras\u00edlia, Distrito Federal.<\/p>\n<p>NUNES, Vanessa Gonzaga. Pistas pros\u00f3dicas do falar catarinense: um estudo sobre interrogativas totais neutras. Comunica\u00e7\u00e3o apresentada como Simp\u00f3sio no IX Congresso Internacional da ABRALIN (Associa\u00e7\u00e3o Brasileira de Lingu\u00edstica), que se realizou na Universidade Federal do Par\u00e1 (UFPA), de 25 a 28 de fevereiro 2015.<\/p>\n<p>NUNES, Vanessa Gonzaga. Pistas pros\u00f3dicas do falar catarinense: um estudo sobre interrogativas totais neutras. Comunica\u00e7\u00e3o apresentada como Simp\u00f3sio no IX Congresso Internacional da ABRALIN (Associa\u00e7\u00e3o Brasileira de Lingu\u00edstica), que se realizou na Universidade Federal do Par\u00e1 (UFPA), de 25 a 28 de fevereiro 2015.<\/p>\n<p>SEARA, Izabel Christine; NUNES, Vanessa Gonzaga. Desvozeamento voc\u00e1lico nos falares catarinense e sergipano. Participa\u00e7\u00e3o em mesa redonda (tema geral: Desvozeamento Voc\u00e1lico no Portugu\u00eas) no IX Congresso Internacional da ABRALIN (Associa\u00e7\u00e3o Brasileira de Lingu\u00edstica), que se realizou na Universidade Federal do Par\u00e1 (UFPA), de 25 a 28 de fevereiro 2015.<\/p>\n<p>ULIANO, C. G.; NUNES, V. G. ; SEARA, I. C. . 25\u00ba Semin\u00e1rio de Inicia\u00e7\u00e3o Cient\u00edfica da UFSC..Projeto AMPER : Portugu\u00eas Catarinense. Apresenta\u00e7\u00e3o de Poster, 2015.<\/p>\n","protected":false},"excerpt":{"rendered":"<p>Equipa de Sergipe \u2013 Vanessa Gonzaga Nunes &#8211;\u00a0 respons\u00e1vel de equipa (Doutora da Universidade \u00a0(Doutora pela UFSC e Docente da Universidade Federal de Sergipe \u00a0em 2015 \u2013 colaboradora do FONAPLI) desde 2017. \u2013 Adilson Wagner Oliveira de Matos (graduando em Letras na Universidade Federal do Sergipe) \u2013 Daiane Santana Santos (graduanda em Letras na Universidade <a class=\"read-more\" href=\"https:\/\/www.varialing.eu\/?page_id=4190\">Read More<\/a><\/p>\n","protected":false},"author":11,"featured_media":0,"parent":0,"menu_order":0,"comment_status":"closed","ping_status":"closed","template":"","meta":{"footnotes":""},"class_list":["post-4190","page","type-page","status-publish","hentry"],"_links":{"self":[{"href":"https:\/\/www.varialing.eu\/index.php?rest_route=\/wp\/v2\/pages\/4190","targetHints":{"allow":["GET"]}}],"collection":[{"href":"https:\/\/www.varialing.eu\/index.php?rest_route=\/wp\/v2\/pages"}],"about":[{"href":"https:\/\/www.varialing.eu\/index.php?rest_route=\/wp\/v2\/types\/page"}],"author":[{"embeddable":true,"href":"https:\/\/www.varialing.eu\/index.php?rest_route=\/wp\/v2\/users\/11"}],"replies":[{"embeddable":true,"href":"https:\/\/www.varialing.eu\/index.php?rest_route=%2Fwp%2Fv2%2Fcomments&post=4190"}],"version-history":[{"count":8,"href":"https:\/\/www.varialing.eu\/index.php?rest_route=\/wp\/v2\/pages\/4190\/revisions"}],"predecessor-version":[{"id":4480,"href":"https:\/\/www.varialing.eu\/index.php?rest_route=\/wp\/v2\/pages\/4190\/revisions\/4480"}],"wp:attachment":[{"href":"https:\/\/www.varialing.eu\/index.php?rest_route=%2Fwp%2Fv2%2Fmedia&parent=4190"}],"curies":[{"name":"wp","href":"https:\/\/api.w.org\/{rel}","templated":true}]}}