{"id":1444,"date":"2017-03-29T10:10:32","date_gmt":"2017-03-29T10:10:32","guid":{"rendered":"http:\/\/varialing.web.ua.pt\/?page_id=1444"},"modified":"2025-02-07T15:31:27","modified_gmt":"2025-02-07T15:31:27","slug":"outras","status":"publish","type":"page","link":"https:\/\/www.varialing.eu\/?page_id=1444","title":{"rendered":"Outras publica\u00e7\u00f5es e trabalhos acad\u00e9micos"},"content":{"rendered":"<h5><strong>Por ordem inversa de publica\u00e7\u00e3o<\/strong><\/h5>\n<p><strong>2024<\/strong><\/p>\n<p>FERRO, M. J.; CARVALHO, A. S. ; G\u00d3MEZ BAUTISTA, A. &#8220;Breakthroughs and pitfalls of using digital technologies in the LSP classroom: an empirical study&#8221;. <em>RE@D &#8211; Revista de Educa\u00e7\u00e3o a Dist\u00e2ncia e eLearning<\/em>\u00a07 1 (2024): 1-22.\u00a0<a href=\"https:\/\/revistas.rcaap.pt\/lead_read\/article\/view\/35061\/25309\">https:\/\/revistas.rcaap.pt\/lead_read\/article\/view\/35061\/25309<\/a>.<\/p>\n<p>FLORES, T.; G\u00d3MEZ, A. &#8220;Usos e actitudes ling\u00fc\u00edsticas no portugu\u00e9s de Olivenza&#8221;. <em>Estudos de Ling\u00fc\u00edstica Galega<\/em>\u00a016 (2024):\u00a0<a href=\"http:\/\/dx.doi.org\/10.15304\/elg.16.9682\">http:\/\/dx.doi.org\/10.15304\/elg.16.9682<\/a>.<\/p>\n<p>G\u00d3MEZ BAUTISTA, A. &#8220;Varia\u00e7\u00e3o e mudan\u00e7a lingu\u00edstica na designa\u00e7\u00e3o dos dedos da m\u00e3o na fronteira hispano-portuguesa&#8221;. <em>Matraga &#8211; Revista do Programa de P\u00f3s-Gradua\u00e7\u00e3o em Letras da UERJ<\/em>\u00a031 62 (2024): 303-318.\u00a0<a href=\"http:\/\/dx.doi.org\/10.12957\/matraga.2024.80353\">http:\/\/dx.doi.org\/10.12957\/matraga.2024.80353<\/a><\/p>\n<p>MOUTINHO, LURDES DE CASTRO; G\u00d3MEZ BAUTISTA, ALBERTO; FERN\u00c1NDEZ REI, ELISA; REBELO, HELENA; COIMBRA, ROSA L\u00cdDIA; SOUSA, XULIO.\u00a0<a href=\"https:\/\/doi.org\/10.48528\/12ke-vp48\"><em>Estudos em varia\u00e7\u00e3o lingu\u00edstica nas l\u00ednguas rom\u00e2nicas \u2013 3<\/em><\/a>. UA Editora. 2024. ISBN 978-972-789-924-1. https:\/\/doi.org\/10.48528\/12ke-vp48<\/p>\n<p>BAUTISTA, ALBERTO G\u00d3MEZ; MOUTINHO, LURDES DE CASTRO; REBELO, HELENA; COIMBRA, ROSA L\u00cdDIA. <a href=\"https:\/\/ria.ua.pt\/handle\/10773\/42044\">L\u00ednguas minorit\u00e1rias e varia\u00e7\u00e3o lingu\u00edstica 3<\/a>. UA Editora. 2024. ISBN 978-972-789-924-1 <br \/>https:\/\/doi.org\/10.48528\/76ga-hq97<\/p>\n<p>LIMA, ROSA; CADIME, I. &#8220;Aquisi\u00e7\u00e3o precoce do l\u00e9xico e morfossintaxe no portugu\u00eas europeu. um olhar sobre os resultados de valida\u00e7\u00e3o para o portugu\u00eas europeu dos invent\u00e1rios de desenvolvimento comunicativo macarthur-bates, palavras e frases: 16-30 meses&#8221;.\u00a0<a href=\"https:\/\/doi.org\/10.48528\/12ke-vp48\"><em>Estudos em Varia\u00e7\u00e3o Lingu\u00edstica nas l\u00ednguas rom\u00e2nicas 3<\/em><\/a>\u00a0(2024): 277-302.<\/p>\n<p><strong>2023<\/strong><\/p>\n<p>COIMBRA, R. L. &amp; MOUTINHO, L. C. (2023). Varia\u00e7\u00e3o entoacional em enunciados interrogativos produzidos por falantes estrangeiros de duas l\u00ednguas rom\u00e2nicas. <em>Cadernos de PLE. Estudos Variacionistas e Aplicados em L\u00edngua N\u00e3o Materna<\/em>, 2, pp. 99-117. DOI &#8211; <a href=\"https:\/\/doi.org\/10.34624\/cadernosple.v0i0.35005\">https:\/\/doi.org\/10.34624\/cadernosple.v0i0.35005<\/a><\/p>\n<p>BRISSOS, F., AGUETE, A, C.; G\u00d3MEZ, B. A.; JO\u00c3O, V. &#8211;\u00a0<a href=\"https:\/\/www.degruyter.com\/document\/doi\/10.1515\/zrp-2020-0007\/html?lang=de\">Sistemas voc\u00e1licos t\u00f3nicos do noroeste de Portugal e de Galicia<\/a>. In X. A. \u00c1lvarez P\u00e9rez, J. J. Garc\u00eda S\u00e1nchez e I. S\u00e1nchez Izquierdo (eds.). Frontera Espa\u00f1a-Portugal: personas, pueblos y palabras. Val\u00eancia, Espanha: Tirant, 2023.<\/p>\n<p>LIMA, R. M.<em> &#8211;\u00a0 <a href=\"https:\/\/m.lidel.pt\/pt\/catalogo\/portugues-europeu-lingua-estrangeira\/materiais-complementares\/consoantes-tardias-do-portugues\/\">Consoantes Tardias do Portugu\u00eas<\/a>, LIDEL, Cole\u00e7\u00e3o: <\/em><em>Novidades PLE 2023<\/em><em>; <\/em><em>P\u00e1ginas: 144, ISBN: 978-989-752-509-4. (2023).<\/em><\/p>\n<p>REBELO, H. &#8211; <a href=\"https:\/\/doi.org\/10.24261\/2183-816x0140\">An\u00e1lise de uma Amostra de Nomes Pr\u00f3prios Portugueses em Timor-Leste: Antropon\u00edmia, Patrim\u00f3nio Lingu\u00edstico e Varia\u00e7\u00e3o Lingu\u00edstica<\/a>, Veredas: Revista da Associa\u00e7\u00e3o Internacional de Lusitanistas, n. 40, p. 11-26, jul.\/dez. 2023<\/p>\n<p>SOUSA, X.. <a href=\"http:\/\/DOI: 10.1344\/DIALECTOLOGIA2023.2023.5\" data-wplink-url-error=\"true\">Galician dialects classifications<\/a>. 2023. <em>Dialectologia<\/em>, Special Issue.<\/p>\n<p>P\u00c9REZ, T. F. (2023). V<a href=\"https:\/\/www.frontespo.org\/fichas-bibliograficas\/variacion-y-cambio-sociolinguistico-la-metodologia-de-la-disponibilidad\">ariaci\u00f3n y cambio socioling\u00fc\u00edstico: La metodolog\u00eda de la\u00a0disponibilidad l\u00e9xica. In\u00a0Frontera Espa\u00f1a<\/a> &#8211; Portugal: Personas, pueblos y palabras\u00a0(pp. 377\u2013390). Tirant\u00a0Humanidades.<\/p>\n<p><strong>2022<\/strong><\/p>\n<p>FERNANDO SALEMA, L., &amp; CARAPINHA, C<em>., <\/em><em>\u201c<a href=\"https:\/\/ojs.letras.up.pt\/index.php\/re\/article\/view\/12878\/11753\">N\u00e3o sei como dizer em portugu\u00eas para n\u00e3o sembrare t\u00e3o ma educada\u201d \u2013 o ato de censura na interl\u00edngua de falantes de PLNM<\/a> \u201c.\u00a0<\/em><em>Redis: Revista De Estudos Do Discurso<\/em><em>, (11), 246\u2013275.<\/em><em> (2022).<\/em><em> \u00a0<a href=\"https:\/\/ojs.letras.up.pt\/index.php\/re\/article\/view\/12878\">https:\/\/ojs.letras.up.pt\/index.php\/re\/article\/view\/12878<\/a><\/em><\/p>\n<p>REBELO, H. <a href=\"https:\/\/www.fnac.pt\/O-Falar-do-Porto-Santo-A-Variacao-no-Vocalismo-Oral-Acentuado-Helena-Rebelo\/a11023396\"><em>O Falar do Porto Santo: A Varia\u00e7\u00e3o no Vocalismo Oral Acentuado<\/em><\/a>, Lisboa: Edi\u00e7\u00f5es Colibri, ISBN 978-989-566-132-9. <em>(2022)<\/em><\/p>\n<p>REBELO, H. \u201c<a href=\"https:\/\/dialnet.unirioja.es\/servlet\/articulo?codigo=8618091\">Escrita e oralidade pela an\u00e1lise de espectrogramas: fen\u00f3menos fon\u00e9ticos individuais, comunit\u00e1rios e gerais<\/a>\u201d, <em>Revista Galega de Filolox\u00eda: Monograf\u00eda 13 \u2013 <a href=\"file:\/\/\/C:\/Users\/lmoutinho\/OneDrive%20-%20Universidade%20de%20Aveiro\/Desktop\/17_REBELO_Freixeiro.pdf\">Estudos sobre Gram\u00e1tica e Sociolong<\/a><\/em>\u00fc<em>\u00edsticas Galego-Portuguesas<\/em>, Xos\u00e9 Manuel S\u00e1nchez Rei (Ed.), Coru\u00f1a, Servizo de Publicaci\u00f3ns da Universidade da Coru\u00f1a, 293-314, Dep\u00f3sito Legal: C 1601-2021, ISBN: 978-84-9749-819-7.<\/p>\n<p>REBELO, H. \u201cExemplos para a Hist\u00f3ria da <a href=\"https:\/\/ahm-abm.madeira.gov.pt\/index.php\/ahm\/article\/view\/88\">Ortografia<\/a> no Funchal: Da Paisagem Lingu\u00edstica ao Patrim\u00f3nio Lingu\u00edstico com a Topon\u00edmia\u201d, <em>Revista Arquivo Hist\u00f3rico da Madeira, Nova S\u00e9rie<\/em>, n.\u00ba 4, 2022, Funchal: Dire\u00e7\u00e3o Regional do Arquivo e Biblioteca da Madeira, pp. 501-556. <a href=\"https:\/\/ahm-abm.madeira.gov.pt\">https:\/\/ahm-abm.madeira.gov.pt<\/a><\/p>\n<p><strong>2021<\/strong><\/p>\n<p>BOTELHO, J. M. E OS\u00d3RIO, P. \u2013 \u00abA latiniza\u00e7\u00e3o da Pen\u00ednsula Ib\u00e9rica: a queda do Imp\u00e9rio Romano e as suas consequ\u00eancias na geolingu\u00edstica da Pen\u00ednsula\u00bb. In: <em>\u00a0Philologus<\/em>, n\u00ba 80 (Revista do C\u00edrculo Fluminense de Estudos Filol\u00f3gicos e Lingu\u00edsticos do Rio de Janeiro \u2013 CiFEFiL). Rio de Janeiro (CiFEFiL), 2021, pp. 11-26.<\/p>\n<p>XULIO SOUSA, <a href=\"https:\/\/www.researchgate.net\/publication\/356430146_La_investigacion_geolinguistica_en_Galicia_del_siglo_XX_al_siglo_XXI\">La investigaci\u00f3n geoling\u00fc\u00edstica en Galicia: del siglo XX al siglo XXI<\/a>. En A. Arejita (ed.). 2021. <em>Aniztasuna: hizkeren berba-mintzoak &#8211; Euskaltzaindiaren II. Nazioarteko Dialektologia Biltzarra<\/em>. Bilbo: Euskaltzaindia. 121-136.<\/p>\n<p>XULIO SOUSA. 2021.<a href=\"https:\/\/www.researchgate.net\/publication\/355856104_Odres_nuevos_para_vino_anejo_la_edicion_digital_del_Atlas_Linguistico_de_la_Peninsula_Iberica\"> Odres nuevos para vino a\u00f1ejo: la edici\u00f3n digital del Atlas Ling\u00fc\u00edstico de la Pen\u00ednsula Ib\u00e9rica.<\/a> En M. Avanzi, N. LoVecchio, A. Millour &amp; A. Thibault (eds.) Nouveaux regards sur la variation dialectale \/ New Ways of Analyzing Dialectal Variation. Strasbourg: \u00c9ditions de Linguistique et de Philologie, 91 \u2013 107.<\/p>\n<p><strong>2020<\/strong><\/p>\n<p>G\u00d3MEZ, B. A. (2020). <a href=\"http:\/\/consellodacultura.gal\/mediateca\/extras\/CCG_2020_Variedades-Linguisticas-en-contacto-na-Peninsula-Iberica_pp82-101.pdf\">Consecuencias do contacto ling\u00fc\u00edstico entre mirand\u00e9s e portugu\u00e9s.<\/a> Em Dubert-Garc\u00eda, Francisco, Vitor M\u00edguez &amp; Xulio Sousa (Eds.). Variedades ling\u00fc\u00edsticas en contacto na Pen\u00ednsula Ib\u00e9rica. Santiago de Compostela: Consello da Cultura Galega, pp. 81-100. ISBN 978-84-17802-23-3 \/ DOI: 10.17075\/vlcpi.2020<\/p>\n<p>G\u00d3MEZ BAUTISTA, A. &#8211; <a href=\"https:\/\/ria.ua.pt\/bitstream\/10773\/29915\/1\/2020_Linguas-Minoritarias-e-Variacao-Linguistica.pdf\">As Variedades Lingu\u00edsticas Leonesas de Zamora em Contacto com a L\u00edngua Mirandesa<\/a>. <em>In<\/em> Moutinho, L. C., G\u00f3mez Bautista, A.\u00a0 &amp; Coimbra, G\u00f3mez Bautista, A. (eds.) <a href=\"http:\/\/hdl.handle.net\/10773\/29915\">L\u00ednguas minorit\u00e1rias e varia\u00e7\u00e3o lingu\u00edstica<\/a> Ebook. Aveiro: UA Editora, (ISBN &#8211; 978-972-789-656-1 &#8211; DOI: 10.34624\/rj68-vz44), pp. 133-150.<\/p>\n<p>MARQUES, C. , LIMA, R. M. (2019). <a href=\"https:\/\/ria.ua.pt\/bitstream\/10773\/26311\/1\/2019_VL.pdf\">Varia\u00e7\u00e3o na Aquisi\u00e7\u00e3o da Fonologia Infantil: perce\u00e7\u00e3o auditiva e desempenho verbal<\/a>. In Moutinho, L. C., Coimbra, R. L. Fern\u00e1ndez Rei, E., Sousa, X. &amp; G\u00f3mez Bautista, A. (eds.). <a href=\"https:\/\/ria.ua.pt\/handle\/10773\/26311\"><em>Estudos em varia\u00e7\u00e3o lingu\u00edstica nas l\u00ednguas rom\u00e2nicas<\/em><\/a>. Aveiro: UA Editora (ISBN978-972-789-600-4), pp. 119-142.<\/p>\n<p>OS\u00d3RIO, P. \u2013 Recens\u00e3o a MARI\u00d1O PAZ, Ram\u00f3n, <a href=\"https:\/\/www.fnac.pt\/mp10521412\/Fonetica-e-fonoloxia-historicas-da-lingua-galega\"><em>Fon\u00e9tica e Fonolox\u00eda Hist\u00f3ricas da Lingua Galega<\/em>.<\/a> Vigo (Edici\u00f3ns Xerais de Galicia), 2017, 699 pp. In: <em>Estudos de Ling\u00fc\u00edstica Galega<\/em>, n\u00ba 11. Santiago de Compostela (Revista da Universidade de Santiago de Compostela), 2019, pp. 353-356.<\/p>\n<p>SALEMA, L. P. , MOUTINHO, L. C. (2020). <a href=\"https:\/\/ria.ua.pt\/bitstream\/10773\/29915\/1\/2020_Linguas-Minoritarias-e-Variacao-Linguistica.pdf\">L\u00ednguas em contacto: alguns contributos do portugu\u00eas para a pron\u00fancia do judeu espanhol dos sefarditas de Tessal\u00f3nica.<\/a> <em>In<\/em> Moutinho, L. C., G\u00f3mez Bautista, A.\u00a0 &amp; Coimbra, G\u00f3mez Bautista, A. (eds.) <a href=\"http:\/\/hdl.handle.net\/10773\/29915\">L\u00ednguas minorit\u00e1rias e varia\u00e7\u00e3o lingu\u00edstica<\/a> Ebook. Aveiro: UA Editora, (ISBN 978-972-789-656 -1- DOI: 10.34624\/rj68-vz44)), pp. 133-150<\/p>\n<p><strong>2018<\/strong><\/p>\n<p>SOUSA, X.; et al. &#8211; <em>Categorizaci\u00f3n perceptiva das variedades iberorrom\u00e1nicas por parte de universitarios de Galicia<\/em>, Antonelli, Roberto \/ Glessgen, Martin \/ Videsott, Paul (eds.), Atti del XXVIII Congresso internazionale di linguistica e filologia romanza, Strasburgo, ELIPHI, 14 pp., 979-10-91460-33-0.<\/p>\n<p><strong>2017<\/strong><\/p>\n<p>AMORIM, F. <a href=\"http:\/\/hdl.handle.net\/10773\/18281\">Consoantes l\u00edquidas \/l\/ e \/r\/: confus\u00f5es fon\u00e9ticas manifestadas por estudantes chineses na aprendizagem do portugu\u00eas europeu<\/a>. In: FERREIRA, A.; MORAIS. C; BRASETE, M. F. &amp; COIMBRA, R.L. (eds.) (2017). Pelos Mares da L\u00edngua Portuguesa 3. Ebook. Aveiro: UA Editora, (ISBN 978-972-789-514-4), pp. 1169-1183 .<\/p>\n<p>MOUTINHO, L. de C. &amp; COIMBRA, R. L. (2017).<a href=\"http:\/\/hdl.handle.net\/10773\/18281\"> Quando a escrita mimetiza a oralidade. Um estudo de marcadores pros\u00f3dicos<\/a>. In: FERREIRA, A.; MORAIS. C; BRASETE, M. F. &amp; COIMBRA, R.L. (eds.) (2017). Pelos Mares da L\u00edngua Portuguesa 3. Ebook. Aveiro: UA Editora, (ISBN 978-972-789-514-4), pp. 329-341.<\/p>\n<p><strong>2016<\/strong><\/p>\n<p>LIMA, R.; CUNHA, C. (2016). Linguagem Escrita : Atividades de Conhecimento Fonol\u00f3gico. Lisboa, Lidel, ISBN978-989-752-163-8.<\/p>\n<p>LIMA, R. M. (2016). (In)Compet\u00eancias de Linguagem Oral e Perce\u00e7\u00e3o Auditiva em Crian\u00e7as com Atraso de Linguagem. in Educa\u00e7\u00e3o especial em tese: 25 anos a formar professores. Porto: ESEPF. (ISBN 978-989-98940-6-8), pp. 197-206.<\/p>\n<p>REBELO, H. e SANTOS, PROEN\u00c7A, T. dos (2016) Aprender a Falar PLE pelo M\u00e9todo da Pron\u00fancia Figurada: o Caso das Vogais Orais em Obras de Pedagogos do S\u00e9culo XIX Publicadas em Fran\u00e7a in Conflu\u00eancia, Revista do Instituto de L\u00edngua Portuguesa, ISSN 1415-7403, n\u00ba 50 \u2013 1\u00ba semestre de 2016 \u2013 Rio de Janeiro,122-142.<\/p>\n<p><strong>2015<\/strong><\/p>\n<p>REBELO, H. (2015), \u201cAlgumas Representa\u00e7\u00f5es Liter\u00e1rias das Vogais Orais Madeirenses: Os Sistemas Pr\u00e9-Acentuado e P\u00f3s-Acentuado\u201c, Roberto Samartim, Raquel Bello V\u00e1zquez, Elias J. Torres Feij\u00f3 e Manuel Brito-Semedo (eds.), Estudos da AIL em Ci\u00eancias da Linguagem: L\u00edngua, Lingu\u00edstica, Did\u00e1tica, Santiago de Compostela &#8211; Coimbra, 1\u00aa edi\u00e7\u00e3o: novembro 2015, 127-144.<\/p>\n<p>RODRIGUES, A.; FERREIRA, A., MORAIS, C., BATTISTA, E., BRASETE, M.F, &amp; COIMBRA, R.L. (eds.). (2015). Forma Breve 12 \u2013 Caim e Abel: Conto e Recontos.<\/p>\n<p>SALEMA, L. (2015). &#8220;<a href=\"https:\/\/www.academia.edu\/8506103\/Perce%C3%A7%C3%A3o_de_variantes_dialetais_do_Portugu%C3%AAs_europeu_continental_um_estudo_explorat%C3%B3rio\">Perce\u00e7\u00e3o de variantes dialetais do portugu\u00eas europeu continental: um estudo explorat\u00f3rio<\/a>\u201d. Roberto Samartim, Raquel Bello Vazquez, Elias J. Torres Feij\u00f3, Manuel Brito-Semedo (eds). Estudos da AIL em Ci\u00eancias da Linguagem, L\u00edngua, Lingu\u00edstica, Did\u00e1tica. Santiago de Compostela- Coimbra: AIL Editora, pp. 105-116. ISBN: 978-84-15166-55-9.<\/p>\n<p><strong>2014<\/strong><\/p>\n<p>MORENO, A.; SILVA, F.; FAL\u00c9, I.; PEREIRA, I. &amp; VELOSO, J. (orgs.). (2014). XXIX Encontro Nacional da Associa\u00e7\u00e3o Portuguesa de Lingu\u00edstica: Textos Selecionados. Porto: APL, ISBN 978-989-97440-3-5<\/p>\n<p><strong>2011<\/strong><\/p>\n<p>REBELO, Helena \u2013 \u201cA varia\u00e7\u00e3o na variedade regional madeirense. Aplica\u00e7\u00e3o de um teste perceptivo\u201d: REBELO, Helena (Coord.) \u2013 Lusofonia: tempo de reciprocidades, Actas do IX Congresso da Associa\u00e7\u00e3o Internacional de Lusitanistas. 2011<\/p>\n<p><strong>2010<\/strong><\/p>\n<p>NUNES, A. ; COIMBRA, R. L. &amp; TEIXEIRA, A. \u2013 \u201cVoice Quality of European Portuguese Emotional Speech\u201d. In: Pardo, Thiago A.S. Branco, A.; Klautau, A.; Vieira, R.; Strube de Lima, V.L. (Eds.). Computational Processing of the Portuguese Language 9th International Conference, PROPOR 2010, Porto Alegre, RS, Brazil, April 27-30, 2010. Proceedings Subseries: Lecture Notes in Artificial Intelligence LNAI, Vol. 6001 (ISBN 978-3-642-12319-1), 2010.<\/p>\n<p>REBELO, H. &#8211; Recens\u00e3o da obra OLIVEIRA, Miguel, Jr. (org.) 2010. Estudos de Corpora. Da Teoria \u00e0 Pr\u00e1tica. Homenagem do ILTEC a Tiago Freitas. Lisboa. Edi\u00e7\u00f5es Colibri e ILTEC in Revista Veredas, Santiago de Compostela: Associa\u00e7\u00e3o Internacional de Lusitanistas.<\/p>\n<p><strong>2009<br \/><\/strong><\/p>\n<p>LIMA, R. M. &#8211; Fonologia Infantil &#8211; Aquisi\u00e7\u00e3o, Avalia\u00e7\u00e3o e Interven\u00e7\u00e3o. Coimbra: Almedina (ISBN: 9789724037837), 2009 (384 p.).<\/p>\n<p><strong>2008<br \/><\/strong><\/p>\n<p>LIMA, R. M. &#8211; Aquisi\u00e7\u00e3o da Fonologia Infantil: Prova de Avalia\u00e7\u00e3o Fonol\u00f3gica em Formatos Sil\u00e1bicos, Coimbra: Edi\u00e7\u00f5es Almedina, Colec\u00e7\u00e3o: Centro de Estudos da Crian\u00e7a, ISBN 9789724029481, 160 p\u00e1gs., 2008.<\/p>\n<p>LIMA, R. M. &amp; MOUTINHO, L. C. &#8211; &#8220;Adquisici\u00f3n Fonol\u00f3gica de las Consoantes L\u00edquidas en el Portugu\u00e9s Europeo&#8221;, In: Eliseo D\u00edez Itza (ed.) Estudios de Desarrollo del Lenguaje y Educaci\u00f3n&#8221;, (comunica\u00e7\u00f5es do V Congreso Internacional de Adquisici\u00f3n del Lenguaje) Oviedo: Universidade de Oviedo, ICE (ISBN: 978-84-88828-29-3), pp. 125-134.<\/p>\n<p>MOUTINHO, L. C.; COIMBRA, R. L.; ZERLING, J.-P. (2008) &#8211; \u201c<a href=\"http:\/\/www.nupffale.ufsc.br\/newsounds\/Papers\/31.Moutinho_Coimbra_Pierre-Zerling.pdf\">Contrastive analysis of intonation patterns in French and European Portuguese<\/a>\u201d. In: Rauber, A. S., Watkins, M. A., &amp; Baptista, B. O. (Eds.) . New Sounds 2007: Proceedings of the Fifth International Symposium on the Acquisition of Second Language Speech. Florian\u00f3polis, Brazil: Federal University of Santa Catarina, 2008, pp. 335-346.<\/p>\n<p>ROCHA, J., L. M. T. JESUS, P. M. S. COUTO, R. L. COIMBRA, &amp; C. F. SILVA (2008). Voice quality, pragmatics and psychosocial functioning in schizophrenia: An exploratory study. In Proceedings of the DGPPN Kongress 2008 (Annual Congress of the German Society of Psychiatry), Berlin, Germany.<\/p>\n<p>TEIXEIRA, A.; NUNES, A. M.; COIMBRA, R. L.; LIMA, R. &amp; MOUTINHO, L. &#8211; \u201cVoice Quality with Psychological Origin: A Case Study\u201d, Clinical Linguistics &amp; Phonetics (ISSN 0269-9206), Vol. 22, Issue: 10-11, 2008, pp. 906-916.<\/p>\n<p><strong>2007<\/strong><\/p>\n<p>COIMBRA, R. L.; TEIXEIRA, A. J. &amp; MOUTINHO, L. C. \u2013 \u201cAn\u00e1lisis ac\u00fastico de las vocales de portugu\u00e9s europeo producidas por hispanohablantes\u201d. In: GONZ\u00c1LEZ GONZ\u00c1LEZ, Manuel; FERN\u00c1NDEZ REI, Elisa; GONZ\u00c1LEZ REI, Bego\u00f1a (coords), III Congreso Internacional de Fon\u00e9tica Experimental, Santiago de Compostela: Xunta de Galicia (ISBN 978-84-453-4451-4), 2007, pp. 603-612.<\/p>\n<p>AMARAL, S.; A. TEIXEIRA &amp; R. L. COIMBRA \u2013 \u201cA pros\u00f3dia dos actos de fala indirectos\u201d. In M. Lobo e M. A. Coutinho (orgs.), XXII Encontro Nacional da APL. Textos Seleccionados. Lisboa:APL, 2007, 87-94.<\/p>\n<p>LIMA, R. &#8211; &#8220;Avalia\u00e7\u00e3o da Linguagem: Propostas e Estudo de Caso em Torno da Dimens\u00e3o Fon\u00e9tico-Fonol\u00f3gica&#8221;, Cadernos de Estudo n\u00ba 5, Centro de Investiga\u00e7\u00e3o Paula Frassinetti, ISSN:1645-9377, Junho 2007-10-05, pp. 73-93.<\/p>\n<p>LIMA, R. M. &#8211; &#8220;Estrat\u00e9gias de percurso no dom\u00ednio de consoantes fricativas: oralidade vs escrita&#8221;, 2.\u00ba Congresso sobre Aquisi\u00e7\u00e3o da Linguagem \u2013 ESE\u2013Guarda 16 e 17 de Abril 2007, ESEG publica\u00e7\u00f5es (CD), pp 141-149.<\/p>\n<p>LIMA, R. M. &#8211; &#8220;Linguagens Expressivas em Crian\u00e7as com NEE&#8221;, Congresso Internacional de Educa\u00e7\u00e3o B\u00e1sica: Do Berlinde \u00e0 Play Station. Problemas e Perplexidades no Ensino B\u00e1sico, Funda\u00e7\u00e3o Engenheiro Ant\u00f3nio de Almeida, Porto.<\/p>\n<p>LIMA, R. M. &#8211; \u201cA constru\u00e7\u00e3o da Representa\u00e7\u00e3o Fonol\u00f3gica no P.E.\u201d, Actas do IX Congresso Nacional de Fon\u00e9tica e Fonologia &#8211; III Congresso Internacional de Fon\u00e9tica e Fonologia, Universidade Federal Minas Gerais &#8211; Sociedade Brasileira de Fon\u00e9tica, CD (ISBN 978-85-7758-030-9), 2007.<\/p>\n<p>LIMA, R. M. \u2013 \u201cAvalia\u00e7\u00e3o da fonologia infantil\u201d in: Paula Pequito e Ana Pinheiro (Org.) Quem aprende mais? Reflex\u00f5es sobre Educa\u00e7\u00e3o de Inf\u00e2ncia. Porto, Gaialivro, 2007 , 703 \u2013 711, ISBN 978-989-557-489-6.<\/p>\n<p>LIMA, R. M. &amp; ALBUQUERQUE, F. &#8211; &#8220;Andando Se Faz Caminho\u2026Aprendendo Compet\u00eancias Lingu\u00edsticas&#8221;, 2.\u00ba Congresso sobre Aquisi\u00e7\u00e3o da Linguagem \u2013 ESE\u2013Guarda 16 e 17 de Abril 2007, ESEG publica\u00e7\u00f5es (CD), pp 150-160.<\/p>\n<p>LIMA, R. M.; BESSA, M. F. &#8211; &#8220;Desenvolvimento da linguagem na crian\u00e7a dos 0-3 anos de idade: uma revis\u00e3o&#8221;, Revista SONHAR, Edi\u00e7\u00f5es APPACDM &#8211; Braga. ISBN:972-98082-4. 2007, pp. 55 &#8211; 62.<\/p>\n<p>SALEMA, L. (2007). <a href=\"http:\/\/ria.ua.pt\/handle\/10773\/1884\">Consci\u00eancia e caracteriza\u00e7\u00e3o fon\u00e9tica de varia\u00e7\u00e3o dialetal em Portugu\u00eas Europeu<\/a>, disserta\u00e7\u00e3o de mestrado. Departamento de L\u00ednguas e Culturas, Departamento de Telecomunica\u00e7\u00f5es e Inform\u00e1tica, Sec\u00e7\u00e3o Aut\u00f3noma de Ci\u00eancias da Sa\u00fade, Universidade de Aveiro.\u00a0<\/p>\n<p>LIMA, R. M.; TEIXEIRA, C.; TORRES, M. &amp; QUEIROZ, M. &#8211; &#8220;Prova de Avalia\u00e7\u00e3o da Produ\u00e7\u00e3o e do Conhecimento Fonol\u00f3gico Infantil &#8211; PAPCFI&#8221;, Revista Sonhar III-2, APPACDM, Braga, pp. 219-250<\/p>\n<p>MOUTINHO, L. &amp; LIMA, R. M. &#8211; \u201cDesempenho Fon\u00e9tico em Crian\u00e7as dos 3 a 7 anos no PE\u201d, Actas do IX Congresso Nacional de Fon\u00e9tica e Fonologia &#8211; III Congresso Internacional de Fon\u00e9tica e Fonologia, Universidade Federal Minas Gerais &#8211; Sociedade Brasileira de Fon\u00e9tica, CD (ISBN 978-85-7758-030-9), 2007.<\/p>\n<p>MOUTINHO, L. C. &amp; LIMA, R. M. &#8211; &#8220;Fonologia infantil: marcadores fonol\u00f3gicos de aquisi\u00e7\u00e3o&#8221;, 2.\u00ba Congresso sobre Aquisi\u00e7\u00e3o da Linguagem \u2013 ESE\u2013Guarda 16 e 17 de Abril 2007, ESEG publica\u00e7\u00f5es (CD), pp 54-64<\/p>\n<p>OLIVEIRA, C. A.; MOUTINHO, L. C.&amp; TEIXEIRA, A. -&#8220;On European Portuguese Automatic Syllabification&#8221;, In: GONZ\u00c1LEZ GONZ\u00c1LEZ, Manuel; FERN\u00c1NDEZ REI, Elisa; GONZ\u00c1LEZ REI, Bego\u00f1a (coords), III Congreso Internacional de Fon\u00e9tica Experimental, Santiago de Compostela: Xunta de Galicia (ISBN 978-84-453-4451-4), 2007, pp. 461-473<\/p>\n<p>TEIXEIRA, A.; DUARTE, H. M. \u2014 \u201cExperimental Phonetics Applied to Portuguese as Second Language: Remaining and Detectability of Native Language Characteristics\u201d: In: GONZ\u00c1LEZ GONZ\u00c1LEZ, Manuel; FERN\u00c1NDEZ REI, Elisa; GONZ\u00c1LEZ REI, Bego\u00f1a (coords), III Congreso Internacional de Fon\u00e9tica Experimental, Santiago de Compostela: Xunta de Galicia (ISBN 978-84-453-4451-4), 2007, pp. 571-582.<\/p>\n<p><strong>2006<\/strong><\/p>\n<p>DUARTE, H. M.; TEIXEIRA, A. J. S.&amp; MOUTINHO, L. C. &#8211; &#8220;Fon\u00e9tica Experimental Aplicada ao Ensino das L\u00ednguas&#8221;. In: HOWCROFT, Susan (coord.), Actas do Encontro Internacional de Lingu\u00edstica Aplicada, Departamento de L\u00ednguas e Culturas, Universidade de Aveiro (ISBN 978-972-789-226-6), 2006, pp. 131- 137.<\/p>\n<p>LIMA, R. M. \u2013 Loto Fon\u00e9tico. Material para Reeduca\u00e7\u00e3o da Linguagem, Edi\u00e7\u00e3o de Autor, 2\u00aa Edi\u00e7\u00e3o, 2006.<\/p>\n<p>OLIVEIRA, C., TEIXEIRA, A. J. &amp; MOUTINHO, L. C. &#8211; &#8220;A s\u00edntese de voz aplicada ao ensino das L\u00ednguas&#8221; In: HOWCROFT, Susan (coord.), Actas do Encontro Internacional de Lingu\u00edstica Aplicada, Departamento de L\u00ednguas e Culturas, Universidade de Aveiro (ISBN 978-972-789-226-6), 2006, pp. 199-213.<\/p>\n<p>TEIXEIRA, A., OLIVEIRA, C. &amp; MOUTINHO, L. &#8211; \u201cMachine Learning of European Portuguese Grapheme-To-Phone Conversion using a Richer Feature Set\u201d: Revista do DETUA, Vol. I, n\u00ba 1, Aveiro, Janeiro de 2006.<\/p>\n<p>TEIXEIRA, A., OLIVEIRA, C. &amp; MOUTINHO, L. &#8211; \u201cOn the Use of Machine Learning and Syllable Information in European Portuguese Grapheme- Phone Conversion\u201d: R. Vieira, P. Quaresma, Maria G. V. Nunes, N. Mamede, C. Oliveira, M. C. Dias (Eds), Computacional Processing of the Portuguese Language (Proceedings 7th InternationalWorkshop, PROPOR 2006), Springer, 2006, 212-215, ISBN: 3-540-34045-9.<\/p>\n<p><strong>2005<\/strong><\/p>\n<p>AMARAL, S. D., COIMBRA, R. L. &amp; TEIXEIRA, A. &#8211; \u201cA pros\u00f3dia no discurso espont\u00e2neo\u201d, in: DUARTE, In\u00eas; LEIRIA, Isabel (org.), Actas do XX Encontro da Associa\u00e7\u00e3o Portuguesa de Lingu\u00edstica, Lisboa: APL\/Colibri, 2005, pp. 351-362.<\/p>\n<p>LIMA, R. &#8211; &#8220;Modelos, teorias e tend\u00eancias na abordagem do desenvolvimento fonol\u00f3gico: a import\u00e2ncia da s\u00edlaba na avalia\u00e7\u00e3o&#8221;, Sonhar (revista da APPACDM de Braga), n\u00ba 2, 2005, pp. 271-322.<\/p>\n<p>LIMA, R. &#8211; Aprendemos a Consoante \/r\/. Guia para a aprendizagem do fonema \/r\/ em todos os contextos sil\u00e1bicos, Edi\u00e7\u00f5es APPACDM de Braga, ISBN 972-8699-55-7, 2005.<\/p>\n<p>PAIVA, S. M. P.; MOUTINHO, L. C. &amp; TEIXEIRA, A. &#8211; \u201cS\u00edntese por concatena\u00e7\u00e3o em variantes regionais \u2013 o falar do Porto\u201d, in: DUARTE, In\u00eas; LEIRIA, Isabel (org.), Actas do XX Encontro da Associa\u00e7\u00e3o Portuguesa de Lingu\u00edstica, Lisboa: APL\/Colibri, 2005, pp. 777-788.<br \/>RUA, C.; A.J.S. TEIXEIRA &amp; L. C. MOUTINHO &#8211; &#8220;Ditongos Orais no Portugu\u00eas Europeu&#8221;, in: DUARTE, In\u00eas; LEIRIA, Isabel (org.), Actas do XX Encontro da Associa\u00e7\u00e3o Portuguesa de Lingu\u00edstica, Lisboa: APL\/Colibri, 2005, pp. 803-816.<\/p>\n<p><strong>2003<\/strong><\/p>\n<p>MOUTINHO, L. C. \u2013 \u201cOs ditongos orais em Portugu\u00eas-estudo ac\u00fastico preliminar\u201d, Revista da UA-Letras, N\u00ba 19\/20, 2002\/2003, pp. 157-179.<\/p>\n\n\n<h3 class=\"wp-block-heading\"><strong>Trabalhos acad\u00e9micos<\/strong><\/h3>\n\n\n\n<p><strong>Est\u00e1gios p\u00f3s-doc<\/strong><\/p>\n\n\n\n<p>G\u00d3MEZ BAUTISTA, Alberto \u2013 Projeto de&nbsp;P\u00f3s-doutoramento em Lingu\u00edstica\/Fon\u00e9tica (geopros\u00f3dia), na Universidade de Aveiro. T\u00edtulo:&nbsp;<em>Estudos em Pros\u00f3dia do Mirand\u00eas<\/em>&nbsp;. Orientadora: Lurdes de Castro Moutinho, Universidade de Aveiro (conclu\u00eddo &#8211; 2020).<\/p>\n\n\n\n<p>Prof.\u00aa Izabel&nbsp;Christine Seara \u2013&nbsp;Projeto de&nbsp;P\u00f3s-doutoramento em Lingu\u00edstica\/Fon\u00e9tica (geopros\u00f3dia), na Universidade de Aveiro. T\u00edtulo:&nbsp;<em>Estudo pros\u00f3dico-entoacional de declarativas e Interrogativas na variedade dialetal florianopolitana:Regi\u00e3o n\u00e3o-urbana<\/em>. Orienta\u00e7\u00e3o: Lurdes de Castro Moutinho, Universidade de Aveiro (conclu\u00eddo \u2013 maio de 2019).<\/p>\n\n\n\n<p>Prof.\u00aa Maria Helena Dias Rebelo \u2013 Projeto de&nbsp; P\u00f3s-doutoramento em Lingu\u00edstica\/Fon\u00e9tica (geopros\u00f3dia), na Universidade de Aveiro. T\u00edtulo:&nbsp;<em>O Arquip\u00e9lago da Madeira e o Projecto AMPER<\/em>&nbsp;(Atlas Pros\u00f3dico Multim\u00e9dia do Espa\u00e7o Rom\u00e2nico), subordinado ao tema gen\u00e9rico \u201cEstudo da Varia\u00e7\u00e3o Madeirense no \u00c2mbito do Projecto AMPER\u201d. Orienta\u00e7\u00e3o: Lurdes de Castro Moutinho; coorienta\u00e7\u00e3o: Rosa L\u00eddia Coimbra (conclu\u00eddo &#8211; julho de 2011)<\/p>\n\n\n\n<p><strong>Disserta\u00e7\u00f5es de Mestrado<\/strong><\/p>\n\n\n\n<p><em><a href=\"https:\/\/ria.ua.pt\/handle\/10773\/25005\" data-type=\"URL\" data-id=\"https:\/\/ria.ua.pt\/handle\/10773\/25005\">Configura\u00e7\u00f5es pros\u00f3dicas em portugu\u00eas: um estudo com falantes portugueses e chineses<\/a><\/em><br>Autora: Guangping Jiang (conclu\u00edda-2018)<br>Orientadora: Lurdes de Castro Moutinho; Coorientadora: Rosa L\u00eddia Torres do Couto Coimbra e Silva<\/p>\n\n\n\n<p><em><a href=\"https:\/\/ria.ua.pt\/handle\/10773\/26887\" data-type=\"URL\" data-id=\"https:\/\/ria.ua.pt\/handle\/10773\/26887\">An\u00e1lise comparativa da s\u00edlaba em portugu\u00eas europeu e nas l\u00ednguas bantu<\/a><\/em><br>Autor: Massango, Carlos Cec\u00edlia (conclu\u00edda-2016)<br>Orientadora: Rosa L\u00eddia Coimbra; Coorientadora: Lurdes de Castro Moutinho<\/p>\n\n\n\n<p><em><a href=\"https:\/\/ria.ua.pt\/handle\/10773\/14249\" data-type=\"URL\" data-id=\"https:\/\/ria.ua.pt\/handle\/10773\/14249\">Estudo perceptivo das consoantes oclusivas em Nampula<\/a><\/em><br>Autor: Muteli, Lu\u00eds (conclu\u00edda-2014)<br>Orientadora: Lurdes de Castro Moutinho; Coorientadora: Rosa L\u00eddia Coimbra e Silva<\/p>\n\n\n\n<p><em><a href=\"https:\/\/ria.ua.pt\/handle\/10773\/1899\" data-type=\"URL\" data-id=\"https:\/\/ria.ua.pt\/handle\/10773\/1899\">As emo\u00e7\u00f5es na fala<\/a><\/em><br>Autor: Rodrigues, Am\u00e9rico Jorge Monteiro (2007)<br>Orientador:  Ant\u00f3nio Joaquim da Silva Teixeira; Coorientadora: Lurdes de Castro Moutinho<\/p>\n\n\n\n<p><em><a href=\"https:\/\/ria.ua.pt\/handle\/10773\/1884\" data-type=\"URL\" data-id=\"https:\/\/ria.ua.pt\/handle\/10773\/1884\">Consci\u00eancia e caracteriza\u00e7\u00e3o fon\u00e9tica de varia\u00e7\u00e3o dialectal em portugu\u00eas europeu<\/a><\/em><br>Autor: Salema, Lu\u00eds Fernando Pinto (2007)<br>Orientador: Ant\u00f3nio Joaquim da Silva Teixeira; Coorientadora: Lurdes de Castro Moutinho<\/p>\n\n\n\n<p><em><a href=\"https:\/\/ria.ua.pt\/handle\/10773\/2797\" data-type=\"URL\" data-id=\"https:\/\/ria.ua.pt\/handle\/10773\/2797\">Ditongos orais no portugu\u00eas europeu<\/a><\/em><br>Autora: Rua, Carla Marina Amorim Tavares (2005)<br>Orientadora: Lurdes de Castro Moutinho; Coorientador: Ant\u00f3nio Joaquim da Silva<\/p>\n\n\n\n<p><em><a href=\"https:\/\/ria.ua.pt\/handle\/10773\/2757\" data-type=\"URL\" data-id=\"https:\/\/ria.ua.pt\/handle\/10773\/2757\">S\u00edntese por concatena\u00e7\u00e3o de variantes regionais &#8211; falar do Porto<\/a><\/em><br>Autora: Paiva, Silvana Marta Pinho (2005)<br>Orientadora: Lurdes de Castro Moutinho; Coorientador: Ant\u00f3nio Joaquim da Silva Teixeira<\/p>\n\n\n\n<p><em><a href=\"https:\/\/ria.ua.pt\/handle\/10773\/17795\" data-type=\"URL\" data-id=\"https:\/\/ria.ua.pt\/handle\/10773\/17795\">Contributos para um modelo pros\u00f3dico do portugu\u00eas: estudo de um caso exemplar<\/a><\/em><br>Autora: Silva, Ana Margarida Carvalho Vaz da (2004)<br>Orientadora: Lurdes de Castro Moutinho; Coorientador: Ant\u00f3nio Joaquim da Silva Teixeira<\/p>\n\n\n\n<p><br><br><\/p>\n\n\n\n<p><\/p>\n","protected":false},"excerpt":{"rendered":"<p>Por ordem inversa de publica\u00e7\u00e3o 2024 FERRO, M. J.; CARVALHO, A. S. ; G\u00d3MEZ BAUTISTA, A. &#8220;Breakthroughs and pitfalls of using digital technologies in the LSP classroom: an empirical study&#8221;. RE@D &#8211; Revista de Educa\u00e7\u00e3o a Dist\u00e2ncia e eLearning\u00a07 1 (2024): 1-22.\u00a0https:\/\/revistas.rcaap.pt\/lead_read\/article\/view\/35061\/25309. FLORES, T.; G\u00d3MEZ, A. &#8220;Usos e actitudes ling\u00fc\u00edsticas no portugu\u00e9s de Olivenza&#8221;. Estudos <a class=\"read-more\" href=\"https:\/\/www.varialing.eu\/?page_id=1444\">Read More<\/a><\/p>\n","protected":false},"author":2,"featured_media":0,"parent":1417,"menu_order":0,"comment_status":"closed","ping_status":"closed","template":"template-full-width.php","meta":{"footnotes":""},"class_list":["post-1444","page","type-page","status-publish","hentry"],"_links":{"self":[{"href":"https:\/\/www.varialing.eu\/index.php?rest_route=\/wp\/v2\/pages\/1444","targetHints":{"allow":["GET"]}}],"collection":[{"href":"https:\/\/www.varialing.eu\/index.php?rest_route=\/wp\/v2\/pages"}],"about":[{"href":"https:\/\/www.varialing.eu\/index.php?rest_route=\/wp\/v2\/types\/page"}],"author":[{"embeddable":true,"href":"https:\/\/www.varialing.eu\/index.php?rest_route=\/wp\/v2\/users\/2"}],"replies":[{"embeddable":true,"href":"https:\/\/www.varialing.eu\/index.php?rest_route=%2Fwp%2Fv2%2Fcomments&post=1444"}],"version-history":[{"count":59,"href":"https:\/\/www.varialing.eu\/index.php?rest_route=\/wp\/v2\/pages\/1444\/revisions"}],"predecessor-version":[{"id":6480,"href":"https:\/\/www.varialing.eu\/index.php?rest_route=\/wp\/v2\/pages\/1444\/revisions\/6480"}],"up":[{"embeddable":true,"href":"https:\/\/www.varialing.eu\/index.php?rest_route=\/wp\/v2\/pages\/1417"}],"wp:attachment":[{"href":"https:\/\/www.varialing.eu\/index.php?rest_route=%2Fwp%2Fv2%2Fmedia&parent=1444"}],"curies":[{"name":"wp","href":"https:\/\/api.w.org\/{rel}","templated":true}]}}