{"id":1058,"date":"2017-03-16T15:26:28","date_gmt":"2017-03-16T15:26:28","guid":{"rendered":"http:\/\/varialing.web.ua.pt\/?page_id=1058"},"modified":"2025-08-16T16:49:46","modified_gmt":"2025-08-16T16:49:46","slug":"sao-paulo-2","status":"publish","type":"page","link":"https:\/\/www.varialing.eu\/?page_id=1058","title":{"rendered":"S\u00e3o Paulo"},"content":{"rendered":"<h5><b>Equipa<\/b><\/h5>\n<p>\u2013 Sandra Madureira (respons\u00e1vel de equipa; Doutora da Pontif\u00edcia Universidade Cat\u00f3lica de S\u00e3o Paulo, PUC-SP)<br \/>\n\u2013 Alice Rodrigues Crochiquia (doutoranda, PUC-SP)<br \/>\n\u2013 Dilton Serra (Doutor da Pontif\u00edcia Universidade Cat\u00f3lica de S\u00e3o Paulo, PUC-SP)<br \/>\n\u2013 Juliana Andreassa da Lomba (doutoranda (PUCSP)<br \/>\n\u2013 Marta Aparecida de Faria Tanuri\u00a0 (Doutora da Pontif\u00edcia Universidade Cat\u00f3lica de S\u00e3o Paulo, PUC-SP)<br \/>\n\u2013 Mario Augusto de Souza Fontes\u00a0 (Doutor da Pontif\u00edcia Universidade Cat\u00f3lica de S\u00e3o Paulo, PUC-SP)<br \/>\n\u2013 Maria Aparecida Caltabiano (Doutora pela Universidade estadual de Campinas)<\/p>\n<h5><b>Pontos de recolha<\/b><\/h5>\n<p><span style=\"font-weight: 400;\"><img loading=\"lazy\" decoding=\"async\" class=\"wp-image-5320 size-full aligncenter\" src=\"http:\/\/www.varialing.eu\/wp-content\/uploads\/2022\/05\/Ubatuba.jpg\" alt=\"\" width=\"497\" height=\"274\" srcset=\"https:\/\/www.varialing.eu\/wp-content\/uploads\/2022\/05\/Ubatuba.jpg 497w, https:\/\/www.varialing.eu\/wp-content\/uploads\/2022\/05\/Ubatuba-300x165.jpg 300w\" sizes=\"auto, (max-width: 497px) 100vw, 497px\" \/><\/span><\/p>\n<p><strong>Publica\u00e7\u00f5es (ordem alfab\u00e9tica)<\/strong><\/p>\n<p>BARBOSA, P. A.; LUCENTE, L; SILVEIRA, L.S.; MADUREIRA, S. &#8211; In: GONZ\u00c1LEZ GONZ\u00c1LEZ, Manuel &#8211; &#8220;Intonational patterning in the Paulista Brazilian Portuguesa Variety: A two case study in the framework of AMPER&#8221;. in FERN\u00c1NDEZ REI, Elisa; GONZ\u00c1LEZ REI, Bego\u00f1a (coords, III Congreso Internacional de Fon\u00e9tica Experimental, Santiago de Compostela: Xunta de Galicia (ISBN 978-84-453-4451-4), 2007, pp. 117-131.<\/p>\n<p>BARBOSA, P. A.;\u00a0MADUREIRA, S.; FONTES, M. A. S.; MENEGON, P. &#8211; Speech Breathing and Expressivity: An Experimental Study in Reading and Singing Styles. In: Quaresma P.; Vieira R.; Alu\u00edsio S.; Moniz H., Batista F.; Gon\u00e7alves T. (eds). (Org.). Lecture Notes in Computer Science. 1ed.: Springer International Publishing, 2020, v. 12037, p. 393-398.<\/p>\n<p>COIMBRA,Rosa L\u00eddia; MOUTINHO, Lurdes de Castro; VAZ, Ana Margarida; BARBOSA, Pl\u00ednio A.; MADUREIRA, Sandra &#8211; &#8220;Analyse contrastive des contours prosodiques des deux vari\u00e9t\u00e9s du Portugais&#8221;: Actes du XXV CILPR Congr\u00e8s International de Linguistique et de Philologie Romanes, Inssbruck, Tubingen: Max Niemeyer Verlag, 2009, pp. 45-52.<\/p>\n<p>CROSHIQUIA, A. R.; SILVA, L. L.; GREGORIO, G. P.;\u00a0MADUREIRA, S. &#8211; Pros\u00f3dia no falar de um santista: um estudo fon\u00e9tico fon\u00e9tico-ac\u00fastico. Revista interc\u00e2mbio, v. 39, p. 43-57, 2019.<\/p>\n<p>FERREIRA, A. M. M.; CANTON, P. S. A.; CAMARGO, Z. A.;\u00a0MADUREIRA, S. &#8211; Enunciados declarativos e interrogativos no falar de um sujeito de S\u00e3o Jos\u00e9 do Rio Preto RIO PRETO: UM ESTUDO AC\u00daSTICO. Revista interc\u00e2mbio, v. 39, p. 58-73, 2019.<\/p>\n<p>LOMBA, J. A.; C\u00d3STOLA, M. P. S.; FONTES, M. A. S.;\u00a0MADUREIRA, S. Enunciados declarativos e interrogativos no falar de um sujeito de Sorocaba: um estudo fon\u00e9tico-ac\u00fastico. Revista interc\u00e2mbio, v. 39, p. 144-161, 2019.<\/p>\n<p>MADUREIRA, S. &#8211; Brazilian Portuguese rhotics in poem reciting. In: Mark Gibson; Juana Gil. (Org.). Romance Phonetics and Phonology. 1ed.Oxford: Oxford University Press, 2018, v. 1, p. 191-21.<\/p>\n<p>MADUREIRA, S.;\u00a0BARBOSA, P. A.; FONTES, M. A. S.; MENEGON, P. S. &#8211; Comparac\u0327a\u0303o entre caracteri\u0301sticas respirato\u0301rias e fone\u0301tico-acu\u0301sticas em fala e canto: um estudo de caso.. In: Lurdes de Castro Moutinho; Rosa Li\u0301dia Coimbra; Elisa Ferna\u0301ndez Rei; Xulio Sousa; Alberto Go\u0301mez Bautista. (Org.). Estudos em variac\u0327a\u0303o lingui\u0301stica nas li\u0301nguas roma\u0302nicas. 1ed.Aveiro: Universidade de Aveiro, 2019, v. 1, p. 1-415.<\/p>\n<p>MADUREIRA, S; FONTES, M. A. S.\u00a0 The analysis of facial and speech expressivity: tools and methods. In: Jos\u00e9 Mar\u00eda Lahoz-Bengoechea; Rub\u00e9n P\u00e9rez Ram\u00f3n (Eds.). (Org.). Subsidia: Tools and resources for speech sciences. 1ed.M\u00e1laga: Universidade de M\u00e1laga, 2019, v. 01, p. 1-150.<\/p>\n<p>MADUREIRA, Sandra (2016). \u201cIntonation and variation: The multiciplicity of forms and senses\u201d. In: REI, Elisa Fern\u00e1ndez, MOUTINHO, Lurdes de Castro &amp; COIMBRA (eds.), Romance Geoprosody: advances, studies and tools. Dialectologia (ISSN \u00a02013-2247), Special Issue VI. Dispon\u00edvel em: \u00a0http:\/\/www.publicacions.ub.edu\/revistes\/dialectologiaSP2016\/<\/p>\n<p>MADUREIRA, Sandra, FONTES, Mario Augusto de Souza &amp; FONSECA, Beatriz Coelho (2016). \u201cVoice quality and speaking styles\u201d. In: REI, Elisa Fern\u00e1ndez.<\/p>\n<p>MADUREIRA, Sandra; PAES, Juliana C.; FONTES, M\u00e1rio &#8211; \u201cVariantes pros\u00f3dicas do Portugu\u00eas Brasileiro: o alinhamento sul\/sudeste\/nordeste\u201d In: Lurdes de Castro Moutinho &amp; Rosa L\u00eddia Coimbra (Org.) I Jornadas Cient\u00edficas AMPER-POR. Actas, Aveiro, 2007, pp. 21-33.<\/p>\n<p>MADUREIRA, Sandra; TAMASHIRO, Marcela \u00a0&#8211; &#8220;An\u00e1lise dos padr\u00f5es entoacionais do Portugu\u00eas Brasileiro (projeto AMPER-POR)&#8221;. Revista Interc\u00e2mbio (ISSN 2237-759X), n.\u00ba 27, 2013.<\/p>\n<p>MAIRANO, Paolo (org.). Intonations Romanes (DVD). In: G\u00e9olinguistique (ISSN 0761 9081), hors-s\u00e9rie n\u00b0 4, Centre de Dialectologie \/ GIPSA-lab, Grenoble: Ellug, Universit\u00e9 de Grenoble, 2011. Cap\u00edtulos: S\u00e3o Paulo ba61; S\u00e3o Paulo ba62.<\/p>\n<p>MOUTINHO, L.C. e Madureira, S. (eds.). (2019). <a href=\"https:\/\/revistas.pucsp.br\/intercambio\"><em>A pros\u00f3dia das l\u00ednguas rom\u00e2nicas<\/em>. N\u00famero tem\u00e1tico da Revista Interc\u00e2mbio, Vol XXXIX<\/a> (ISSN 1806-275x), (223 p\u00e1gs.).<\/p>\n<p>SERRA, D.; POLACZEK, M.; TANURI, M. A. F.;\u00a0MADUREIRA, S.\u00a0&#8211; Padr\u00f5es entoacionais na fala de um Guaratinguetaense. Revista interc\u00e2mbio, v. 39, p. 102-118, 2019.<\/p>\n<p>SMIRNOVA, A.; SKRELIN, P.; EVDOKIMOVA, V.; KACHKOVSKAIA, T. V.; BORREGO, M. C.; FERREIRA, L. P.; ZULETA, P. P. B.; RUSEISHVILI, S.;\u00a0MADUREIRA, S. -The Perception of Brazilian Portuguese Open and Close Mid Vowels by Native Russian Speakers. JOSS JOURNAL OF SPEECH SCIENCE, v. 8, p. 59-84, 2019.<\/p>\n<p>TANURI, M. A. F.;\u00a0MADUREIRA, S.; FONTES, M. A. S.; CALTABIANO, M. A. &#8211;\u00a0 A avalia\u00e7\u00e3o perceptiva de atributos paralingu\u00edsticos e extralingu\u00edsticos na fala de uma comunidade de pr\u00e1tica: um experimento sociofon\u00e9tico perceptivo. Cadernos de Estudos Lingu\u00edsticos, v. 63, p. 1-17, 2021.<\/p>\n<p>TANURI-OLIVIERA, Marta\u00a0 Aparecida\u00a0 de\u00a0 Faria;\u00a0 FONTES,\u00a0 Mario\u00a0 Augusto\u00a0 de\u00a0 Souza; MADUREIRA,\u00a0 Sandra.Caracter\u00edsticas\u00a0 pros\u00f3dicas\u00a0 de\u00a0 enunciados\u00a0 declarativos\u00a0 e interrogativos na fala de habitantes de uma comunidade de pr\u00e1tica Cai\u00e7ara. <a href=\"https:\/\/revistas.pucsp.br\/index.php\/intercambio\/issue\/view\/2776\">Revista Interc\u00e2mbio, v.52 LII<\/a>: 145-166, 2022. S\u00e3o Paulo: LAEL\/PUCSP. ISNN 2237-759X145https:\/\/doi.org\/10.23925\/2237.759X.2022V52.e60455<\/p>\n<h5><\/h5>\n<p><b>Trabalhos acad\u00e9micos <\/b><b>(ordem alfab\u00e9tica)<\/b><\/p>\n<p>CROCHIQUIA, Alice \u2013 Trabalho de Inicia\u00e7\u00e3o Cient\u00edfica \u201cAn\u00e1lise dos Padr\u00f5es Entoacionais Declarativos e Interrogativos do Portugu\u00eas Brasileiro; variante paulista\u201d, orientado pela Prof.\u00aa Sandra Madureira, Bolsa PIBIC\/CEPE (agosto 2010 a julho de 2011), Bolsa CNPq.<\/p>\n<p>MACEDO PIRES, Mateus \u2013 \u201cDesenvolvimento de pe\u00e7a multimidi\u00e1tica para o AMPER-POR\u201d, Estado de S\u00e3o Paulo (2011).<\/p>\n<p>MACEDO PIRES, Mateus \u2013 Projeto de Inicia\u00e7\u00e3o Cient\u00edfica \u201cDocumenta\u00e7\u00e3o multimidi\u00e1tica para o falar paulista no \u00e2mbito do AMPER-POR\u201d, orientado pela Prof.\u00aa Sandra Madureira. Bolsa PIBIC\/CEPE (agosto de 2010 a julho de 2011). Bolsa: CNPq.<\/p>\n<p>PAIVA, Jana\u00edna dos Santos \u2013 \u201cAn\u00e1lise dos padr\u00f5es entoacionais de frases declarativas e interrogativas: contrastes entre o Portugu\u00eas Europeu (PE) e o Portugu\u00eas Brasileiro (PB)\u201d. Projeto de Inicia\u00e7\u00e3o Cient\u00edfica em desenvolvimento (in\u00edcio: agosto de 2013).<\/p>\n<p>TAMASHIRO, Marcela \u2013 \u201cAn\u00e1lise perceptiva e ac\u00fastica da fala de parkinsonianos: aspectos de entoa\u00e7\u00e3o e qualidade vocal\u201d. Trabalho de Conclus\u00e3o de Curso, utilizando corpus de pesquisa do AMPER-POR , variante paulistana, supervisionado pela Prof.\u00aa Zuleica Camargo. Pontif\u00edcia Universidade Cat\u00f3lica de S\u00e3o Paulo (2011).<\/p>\n<p>TAMASHIRO, Marcela \u2013 Trabalho de Inicia\u00e7\u00e3o Cient\u00edfica \u201cAn\u00e1lise dos Padr\u00f5es Entoacionais de Falantes Paulistanos\u201d, orientado pela Prof.\u00aa Sandra Madureira. Bolsa PIBIC\/CEPE. Recebeu Men\u00e7\u00e3o Honrosa na \u00c1rea de Letras, Ling\u00fc\u00edstica e Artes em 2010 (fevereiro de 2009 a janeiro de 2010).<\/p>\n<p><b>Outras atividades \u00a0<\/b><b>(ordem alfab\u00e9tica)<\/b><\/p>\n<p>CAMARGO, Zuleica Ant\u00f4nia de, Mario Augusto de Souza Fontes e Sandra Madureira &#8211; &#8220;O Projeto AMPER\u2013 POR: relato da equipe de S\u00e3o Paulo&#8221; (poster). Semin\u00e1rio de Pesquisas em Ling\u00fc\u00edstica Aplicada. PEPG em LAEL PUCSP. 2009.<\/p>\n<p>CROCHIQUIA\u00a0A. Rodrigues, Greg\u00f3rio G. P., S. L\u00edvia L., Madureira S. (PUC-SP) &#8211; &#8220;Pros\u00f3dia no falar de um santista: um estudo fon\u00e9tico-ac\u00fastico&#8221;, Poster apresentado no Congresso Internacional em Varia\u00e7\u00e3o Lingu\u00edstica nas L\u00ednguas Rom\u00e2nicas, Centro de L\u00ednguas Literaturas e Culturas, Universidade de Aveiro, 2-4 de maio 2018.<\/p>\n<p>CROCHIQUIA, Alice Rodrigues e Sandra MADUREIRA (2015). Entoa\u00e7\u00e3o, varia\u00e7\u00e3o e contrastes. Poster apresentado ao Col\u00f3quio Internacional de Geopros\u00f3dia do Portugu\u00eas e do Galego, Universidade de Aveiro \u2013 Aveiro, Portugal, 17-19 de junho de 2015.<\/p>\n<p>FERREIRA\u00a0A. M.M.F., Souza A. Canton P. C., Fontes M.A.S., Camargo Z., Madureira S. (PUC-SP) &#8211; &#8220;Enunciados declarativos e interrogativos no falar de um sujeito de S\u00e3o Jos\u00e9 do Rio Preto: um estudo fon\u00e9tico-ac\u00fastico&#8221;, Poster apresentado no Congresso Internacional em Varia\u00e7\u00e3o Lingu\u00edstica nas L\u00ednguas Rom\u00e2nicas, Centro de L\u00ednguas Literaturas e Culturas, Universidade de Aveiro, 2-4 de maio 2018.<\/p>\n<p>FONTES, Mario Augusto de Souza &#8211; Participa\u00e7\u00e3o no workshop AMPER-POR dirigido a todas as equipas brasileiras pertencentes ao projecto AMPER-POR, realizado na Universidade Federal Fluminense, 21 de Dezembro de 2008, dinamizado por Lurdes C. MOUTINHO, Universidade de Aveiro \u2013 Portugal &#8211; coordenadora AMPER-POR).<\/p>\n<p>KACHKOVSKAIA, T. V.; SKRELIN, P.;\u00a0SMIRNOVA H. A.; MADUREIRA, S. &#8211; Gradual changes in native intonation system: the case of Russians living in Brazil. In: 49 International Philological Conference Programme, 2020, S\u00e3o Petersburgo. 49 International Philological Conference Programme. S\u00e3o Petersburgo: Saint Petersburg State University, 2020 (Apresenta\u00e7\u00e3o de Comunica\u00e7\u00e3o Oral).<\/p>\n<p>KACHKOVSKAIA, T. V.; SMIRNOVA, A.;\u00a0MADUREIRA, S.; SKRELIN, P. &#8211; Intonation changes in Russian-Brazilian Portuguese bilinguals: mutual interference. Department of Philology . Saint Petersburgh University, 2021 (Apresenta\u00e7\u00e3o de Comunica\u00e7\u00e3o Oral).<\/p>\n<p>KACHKOVSKAIA, T. V.;\u00a0SMIRNOVA, H.; A.; MADUREIRA, S.; SKRELIN, P. &#8211; Intonation Changes in Russian-Brazilian Portuguese bilinguals: mutual interference. &#8211; In: 22 Interc\u00e2mbio de Pesquisas em Lingu\u00edstica Aplicada, 2021, S\u00e3o Paulo. 22\u00ba InPLA. S\u00e3o Paulo: PUC-SP, 2021 (Apresenta\u00e7\u00e3o de Comunica\u00e7\u00e3o Oral).<\/p>\n<p>LOMBA, J. A., C\u00f3stola M. P. S., &amp; Sandra Madureira (PUC\/SP): Enunciados declarativos e interrogativos no falar de um sujeito de Sorocaba: um estudo fon\u00e9tico-ac\u00fastico, Comunica\u00e7\u00e3o oral apresentada ao Congresso Internacional Congresso Internacional em Varia\u00e7\u00e3o Lingu\u00edstica nas L\u00ednguas Rom\u00e2nicas, Centro de L\u00ednguas Literaturas e Culturas, Universidade de Aveiro, 2-4 de maio 2018.<\/p>\n<p>MADUREIRA, \u00a0Sandra An\u00e1lise de Padr\u00f5es Entoacionais do Portugu\u00eas \u00a0\u00a0\u00a0Brasileiro. Comunica\u00e7\u00e3o Oral. 18\u00ba InPLA\u00a0 \u00a0 Interc\u00e2mbio de Pesquisas em \u00a0\u00a0Lingu\u00edstica Aplicada, Pontif\u00edcia Universidade Cat\u00f3lica de S\u00e3o Paulo, 2011.<\/p>\n<p>MADUREIRA, Sandra &#8211; &#8220;An\u00e1lise dos padr\u00f5es entoacionais do Portugu\u00eas Brasileiro (projeto AMPER-POR)&#8221; \u00a018o InPLA &#8211; Interc\u00e2mbio de Pesquisas em Lingu\u00edstica Aplicada, Pontif\u00edcia Universidade Cat\u00f3lica de S\u00e3o Paulo, 2011.<\/p>\n<p>MADUREIRA, Sandra comunica\u00e7\u00e3o sobre o projeto AMPER-POR no Semin\u00e1rio de Pesquisa desenvolvido no Programa de Estudos P\u00f3s-Graduados em Lingu\u00edstica Aplicada e Estudos da Linguagem da Pontif\u00edcia Universidade Cat\u00f3lica de S\u00e3o Paulo, 16 de Agosto de 2017<\/p>\n<p>MADUREIRA, Sandra, Mario Augusto de Souza FONTES e Beatriz Coelho FONSECA (2015). &#8220;Pros\u00f3dia e varia\u00e7\u00e3o estil\u00edstica&#8221;. Comunica\u00e7\u00e3o oral apresentada ao Col\u00f3quio Internacional de Geopros\u00f3dia do Portugu\u00eas e do Galego, Universidade de Aveiro \u2013 Aveiro, Portugal, 17-19 de junho de 2015.<\/p>\n<p>MADUREIRA, Sandra. O Projeto AMPER\u2013POR \u00a0e a descri\u00e7\u00e3o dos padr\u00f5es \u00a0entoacionais \u00a0do Portugu\u00eas Brasileiro, variante paulista. Semin\u00e1rio do \u00a0Programa de Estudos P\u00f3s-Graduados em Lingu\u00edstica Aplicada e Estudos da Linguagem. Pontif\u00edcia Universidade Cat\u00f3lica de S\u00e3o Paulo, 2012.<\/p>\n<p>MADUREIRA, Sandra; TAMASHIRO, Marcela &#8211; &#8220;Entoa\u00e7\u00e3o de enunciados \u00a0declarativos e interrogativos: varia\u00e7\u00e3o e contrastes&#8221;. 17O \u00a0Interc\u00e2mbio de Pesquisas em Lingu\u00edstica Aplicada, Pontif\u00edcia Universidade Cat\u00f3lica de S\u00e3o Paulo, 2009.<\/p>\n<p>MADUREIRA, Sandra; TAMASHIRO, Marcela &#8211; &#8220;Entoa\u00e7\u00e3o de enunciados \u00a0declarativos e interrogativos: varia\u00e7\u00e3o e contrastes&#8221;. 17O \u00a0Interc\u00e2mbio de Pesquisas em Lingu\u00edstica Aplicada, Pontif\u00edcia Universidade Cat\u00f3lica de S\u00e3o Paulo, 2009.<\/p>\n<p>MOUTINHO, L. C.; ANTUNES, L. B.; CRUZ, R. C. F. \u201cAtlas Multim\u00e9dia Pros\u00f3dico do Espa\u00e7o Rom\u00e2nico (AMPER): do seu in\u00edcio \u00e0 atualidade\u201d. Comunica\u00e7\u00e3o apresentada no V Congresso Internacional de Dialetologia e Sociolingu\u00edstica (CIDS), Universidade Federal da Bahia, 11-14 de setembro 2018.<\/p>\n<p>PAES, Juliana\u00a0 e Sandra MADUREIRA &#8211; \u201cO projeto AMPER-POR \u00a0e a investiga\u00e7\u00e3o no Estado de S\u00e3o Paulo&#8221; (comunica\u00e7\u00e3o oral). Simp\u00f3sio de Estudos sobre a fala em variados contextos.<\/p>\n<p>SERRA\u00a0D., Sacchi A. C., Polaczek M., Tanuri M. A. F. O, Madureira S. (PUC\/SP) &#8211; &#8220;Um estudo fon\u00e9tico-ac\u00fastico de padr\u00f5es entoacionais do Portugu\u00eas Brasileiro: variedade paulista, Comunica\u00e7\u00e3o oral apresentada ao Congresso Internacional Congresso Internacional em Varia\u00e7\u00e3o Lingu\u00edstica nas L\u00ednguas Rom\u00e2nicas, Centro de L\u00ednguas Literaturas e Culturas, Universidade de Aveiro, 2-4 de maio 2018.<\/p>\n<p>SMIRNOVA H.\u00a0 A.; SKRELIN, P.; EVDOKIMOVA, V. V.; BORREGO, M. C.; FERREIRA, L. P.; ZULETA, P. P. B.; RUSEISHVILI, S.; MADUREIRA, S. &#8211;\u00a0 As dificuldades de russ\u00f3fonos na percep\u00e7\u00e3o e produ\u00e7\u00e3o de sons de portugu\u00eas brasileiro. In: VI Simp\u00f3sio Internacional de Estudos Eslavos, 2021, Irati. VI Simp\u00f3sio Internacional de Estudos Eslavos. Irati: Unicentro, 2021 (Apresenta\u00e7\u00e3o de Comunica\u00e7\u00e3o Oral).<\/p>\n<p>SMIRNOVA H. A..; SKRELIN, P.; BORREGO, M. C.; MADUREIRA, S. &#8211; Russian accent in Brazilian Portuguese: the effect on vowel perception and production. &#8211; In: 49 International Philological Conference, 2020, S\u00e3o Petersburgo. 49 International Philological Conference, S\u00e3o Petersburgo: Saint Petersburg State University, 2020 (Apresenta\u00e7\u00e3o de Comunica\u00e7\u00e3o Oral).<\/p>\n<p>SMIRNOVA H. A.; SKOROBOGATOVA, A.; SKRELIN, P.; MADUREIRA, S.\u00a0 &#8211; The perception and production of the Brazilian Portuguese open and close mid vowels, and bilingual profiles of the russophone immigrants. In: 22 Interc\u00e2mbio de Pesquisas em Lingu\u00edstica Aplicada, 2021, S\u00e3o Paulo.22o InPLA. S\u00e3o Paulo: PUC-SP, 2021(Apresenta\u00e7\u00e3o de Comunica\u00e7\u00e3o Oral).<\/p>\n<p>SMIRNOVA H.; A.; ALMEIDA, K. V.; BORREGO, M. C.; GOBBO, R.; BASILIO, M.; Santos de Macedo, G.; SILVA, A. F.; RUSEISHVILI, S.; ZULETA, P. P. B.; FERREIRA, L. P.; SKRELIN, P.; MADUREIRA, S. &#8211; Russian accent in Brazilian Portuguese: devoicing of plosive sounds. In: 12o Congresso Brasileiro de Lingu\u00edstica Aplicada, 2019, Vit\u00f3ria. 12o Congresso Brasileiro de Lingu\u00edstica Aplicada. Vit\u00f3ria: UFES, 2019.<\/p>\n<p>SMIRNOVA, A.; SKOROBOGATOVA, A. S.; SKRELIN, P.;\u00a0MADUREIRA, S. &#8211; The perception and production of the Brazilian Portuguese open and close mid vowels, and bilingual profiles of the russophone immigrants. In: I Congresso Brasileiro de Pros\u00f3dia, 2020, Campinas (Apresenta\u00e7\u00e3o de Comunica\u00e7\u00e3o Oral).<\/p>\n<p>TAMASHIRO, Marcela. \u201cAn\u00e1lise perceptiva e ac\u00fastica da fala de \u00a0\u00a0parkinsonianos: \u00a0\u00a0aspectos de entoa\u00e7\u00e3o e qualidade vocal em leitura de \u00a0\u00a0frases do corpus AMPER, variante paulistana do Portugu\u00eas Brasileiro\u201d. \u00a0\u00a0Comunica\u00e7\u00e3o Oral &#8211; 18\u00ba InPLA \u2013 Interc\u00e2mbio de Pesquisas em \u00a0Lingu\u00edstica Aplicada, Pontif\u00edcia Universidade Cat\u00f3lica de S\u00e3o Paulo, 2011.<\/p>\n<p>TAMASHIRO, Marcela. An\u00e1lise de Padr\u00f5es Entoacionais de falantes \u00a0\u00a0paulistanos. Comunica\u00e7\u00e3o Oral. 3\u00ba Congresso de Pesquisa Discente, \u00a0\u00a0Semana Acad\u00eamica PUCSP. Pontif\u00edcia Universidade Cat\u00f3lica de S\u00e3o Paulo, \u00a0\u00a02010.<\/p>\n<p>TAMASHIRO, Marcela. An\u00e1lise entoacional de enunciados declarativos e interrogativos em Portugu\u00eas Brasileiro: variante paulistana. Apresenta\u00e7\u00e3o de Poster. \u00a03\u00ba Congresso de Pesquisa Discente Semana Acad\u00eamica PUCSP. Pontif\u00edcia Universidade Cat\u00f3lica de S\u00e3o Paulo, 2010.<\/p>\n<p>TAMASHIRO, Marcela. PUCSP &#8211; \u201cA entoa\u00e7\u00e3o de falantes paulistanos\u201d (poster) \u00a019\u00ba. Encontro de Inicia\u00e7\u00e3o Cient\u00edfica da PUCSP, 27 de Outubro de 2010.<\/p>\n<p>TAMASHIRO, Marcela. PUCSP. &#8211; \u201cO projeto AMPER-POR \u00a0e o falar \u00a0paulistano\u201d (comunica\u00e7\u00e3o oral). 19\u00ba. Encontro de Inicia\u00e7\u00e3o Cient\u00edfica da PUCSP; 27 de Outubro de 2010.<\/p>\n<p>TANURI\u00a0M. A. F. O, Madureira S. (PUCSP) &#8211; &#8220;Percep\u00e7\u00e3o de atitudes em rela\u00e7\u00e3o ao sotaque cai\u00e7ara do litoral norte de S\u00e3o Paulo, Brasil&#8221;, Comunica\u00e7\u00e3o oral apresentada ao Congresso Internacional Congresso Internacional em Varia\u00e7\u00e3o Lingu\u00edstica nas L\u00ednguas Rom\u00e2nicas, Centro de L\u00ednguas Literaturas e Culturas, Universidade de Aveiro, 2-4 de maio 2018.<\/p>\n<p>TANURI, M. A. F.; FONTES, M.;\u00a0MADUREIRA, S.\u00a0&#8211; Caracter\u00edsticas pros\u00f3dicas de enunciados declarativos e interrogativos na fala de habitantes de uma comunidade de pr\u00e1tica cai\u00e7ara. II\u00a0<a href=\"http:\/\/congresso.varialing.eu\/\">Congresso Internacional em Varia\u00e7\u00e3o Lingu\u00edstica nas L\u00ednguas Rom\u00e2nicas. Universidade de Aveiro, Portugal,<em>\u00a0<\/em><\/a>2021 (Apresenta\u00e7\u00e3o Comunica\u00e7\u00e3o Oral).<\/p>\n<p><span style=\"font-size: inherit;\">Lingu\u00edstica Aplicada e Estudos da Linguagem da Pontif\u00edcia Universidade Cat\u00f3lica de S\u00e3o Paulo, 16 de Agosto de 2017<\/span><\/p>\n","protected":false},"excerpt":{"rendered":"<p>Equipa \u2013 Sandra Madureira (respons\u00e1vel de equipa; Doutora da Pontif\u00edcia Universidade Cat\u00f3lica de S\u00e3o Paulo, PUC-SP) \u2013 Alice Rodrigues Crochiquia (doutoranda, PUC-SP) \u2013 Dilton Serra (Doutor da Pontif\u00edcia Universidade Cat\u00f3lica de S\u00e3o Paulo, PUC-SP) \u2013 Juliana Andreassa da Lomba (doutoranda (PUCSP) \u2013 Marta Aparecida de Faria Tanuri\u00a0 (Doutora da Pontif\u00edcia Universidade Cat\u00f3lica de S\u00e3o Paulo, <a class=\"read-more\" href=\"https:\/\/www.varialing.eu\/?page_id=1058\">Read More<\/a><\/p>\n","protected":false},"author":2,"featured_media":0,"parent":272,"menu_order":0,"comment_status":"closed","ping_status":"closed","template":"","meta":{"footnotes":""},"class_list":["post-1058","page","type-page","status-publish","hentry"],"_links":{"self":[{"href":"https:\/\/www.varialing.eu\/index.php?rest_route=\/wp\/v2\/pages\/1058","targetHints":{"allow":["GET"]}}],"collection":[{"href":"https:\/\/www.varialing.eu\/index.php?rest_route=\/wp\/v2\/pages"}],"about":[{"href":"https:\/\/www.varialing.eu\/index.php?rest_route=\/wp\/v2\/types\/page"}],"author":[{"embeddable":true,"href":"https:\/\/www.varialing.eu\/index.php?rest_route=\/wp\/v2\/users\/2"}],"replies":[{"embeddable":true,"href":"https:\/\/www.varialing.eu\/index.php?rest_route=%2Fwp%2Fv2%2Fcomments&post=1058"}],"version-history":[{"count":24,"href":"https:\/\/www.varialing.eu\/index.php?rest_route=\/wp\/v2\/pages\/1058\/revisions"}],"predecessor-version":[{"id":6597,"href":"https:\/\/www.varialing.eu\/index.php?rest_route=\/wp\/v2\/pages\/1058\/revisions\/6597"}],"up":[{"embeddable":true,"href":"https:\/\/www.varialing.eu\/index.php?rest_route=\/wp\/v2\/pages\/272"}],"wp:attachment":[{"href":"https:\/\/www.varialing.eu\/index.php?rest_route=%2Fwp%2Fv2%2Fmedia&parent=1058"}],"curies":[{"name":"wp","href":"https:\/\/api.w.org\/{rel}","templated":true}]}}