{"id":1046,"date":"2017-03-16T15:24:32","date_gmt":"2017-03-16T15:24:32","guid":{"rendered":"http:\/\/varialing.web.ua.pt\/?page_id=1046"},"modified":"2024-02-18T18:35:25","modified_gmt":"2024-02-18T18:35:25","slug":"sao-paulo","status":"publish","type":"page","link":"https:\/\/www.varialing.eu\/?page_id=1046","title":{"rendered":"Regi\u00e3o Sul"},"content":{"rendered":"<h5><\/h5>\n<h5><b>Equipa Regi\u00e3o Sul &#8211; Santa Catarina, Paran\u00e1 e Rio Grande do Sul<\/b><\/h5>\n<p><span style=\"font-weight: 400;\">&#8211;<a href=\"http:\/\/lattes.cnpq.br\/4217616136588518\"> Izabel Christine Seara<\/a> (Respons\u00e1vel de equipa da Regi\u00e3o Sul; Doutora e docente da Universidade Federal de Santa Catarina, UFSC, Florian\u00f3polis)<\/span><span style=\"font-size: 15px; font-weight: 400;\"><br \/>\n<\/span><\/p>\n<p><strong>P\u00e1gina web<\/strong>: <a href=\"http:\/\/fonapli.paginas.ufsc.br\/projetos-vinculados-ao-fonapli\/projeto-amper-por\/\">http:\/\/fonapli.paginas.ufsc.br\/projetos-vinculados-ao-fonapli\/projeto-amper-por\/<\/a><\/p>\n<h5><b>Santa Catarina<\/b><\/h5>\n<p>&#8211;<a href=\"http:\/\/lattes.cnpq.br\/4217616136588518\"> Izabel Christine Seara<\/a> (Respons\u00e1vel de equipa; Doutora e docente da Universidade Federal de Santa Catarina, UFSC, Florian\u00f3polis)<\/p>\n<p><span lang=\"PT-BR\"><span style=\"color: #000000; font-family: Calibri;\">\u2013 Leonan Felipe de Oliveira Quadros (Bolsista volunt\u00e1rio no FONAPLI, Universidade Federal de Santa Catarina) de 2015 at\u00e9 a presente data &#8211; desde 2021 at\u00e9 a presente data<br \/>\n<\/span><\/span>Beatriz Martins Rachadel &#8211; Bolsista PIBIC, Universidade Federal de Santa Catarina &#8211; desde 2021 <span lang=\"PT-BR\"><span style=\"color: #000000; font-family: Calibri;\">at\u00e9 a presente data<\/span><\/span><br \/>\nVict\u00f3ria Vivian &#8211; Bolsista PIBIC, Universidade Federal de Santa Catarina &#8211; desde 2021 <span lang=\"PT-BR\"><span style=\"color: #000000; font-family: Calibri;\">at\u00e9 a presente data<\/span><\/span><\/p>\n<h5><span style=\"font-weight: 400;\">\u00a0 \u00a0\u00a0<\/span><b>Paran\u00e1<\/b><span style=\"font-weight: 400;\"> \u00a0<\/span><\/h5>\n<p>&#8211;<a href=\"http:\/\/lattes.cnpq.br\/4217616136588518\"> Izabel Christine Seara<\/a> ( Doutora e docente da Universidade Federal de Santa Catarina, UFSC, Florian\u00f3polis)<\/p>\n<p><span style=\"font-weight: 400;\">&#8211; Denise Cristina Kluge (colabora\u00e7\u00e3o conclu\u00edda em 2016).<\/span><\/p>\n<h5><span style=\"font-weight: 400;\">\u00a0<\/span><span style=\"font-weight: 400;\">\u00a0<\/span><b>Rio Grande do Sul <\/b><\/h5>\n<p>&#8211;<a href=\"http:\/\/lattes.cnpq.br\/4217616136588518\"> Izabel Christine Seara<\/a> ( Doutora e docente da Universidade Federal de Santa Catarina, UFSC, Florian\u00f3polis)<\/p>\n<p><span style=\"font-weight: 400;\">&#8211; Giane Rodrigues dos Santos (colabora\u00e7\u00e3o conclu\u00edda em 2016)<\/span><\/p>\n<p><span style=\"font-weight: 400;\">&#8211; Kimberly Ferreira da Costa (colabora\u00e7\u00e3o conclu\u00edda em 2016).<\/span><\/p>\n<h5><b>Pontos de recolha &#8211; Regi\u00e3o Sul<\/b><\/h5>\n<p><span style=\"font-weight: 400;\">Paran\u00e1, Santa Catarina, Rio Grande do Sul <\/span><\/p>\n<p style=\"text-align: center;\"><img loading=\"lazy\" decoding=\"async\" class=\"wp-image-4237 alignleft\" src=\"http:\/\/www.varialing.eu\/wp-content\/uploads\/2018\/11\/parana-1-300x192.jpg\" alt=\"\" width=\"207\" height=\"132\" srcset=\"https:\/\/www.varialing.eu\/wp-content\/uploads\/2018\/11\/parana-1-300x192.jpg 300w, https:\/\/www.varialing.eu\/wp-content\/uploads\/2018\/11\/parana-1.jpg 565w\" sizes=\"auto, (max-width: 207px) 100vw, 207px\" \/><\/p>\n<p style=\"text-align: center;\"><img loading=\"lazy\" decoding=\"async\" class=\"alignleft wp-image-4236\" src=\"http:\/\/www.varialing.eu\/wp-content\/uploads\/2018\/11\/StaCatarina2-300x181.jpg\" alt=\"\" width=\"250\" height=\"151\" srcset=\"https:\/\/www.varialing.eu\/wp-content\/uploads\/2018\/11\/StaCatarina2-300x181.jpg 300w, https:\/\/www.varialing.eu\/wp-content\/uploads\/2018\/11\/StaCatarina2.jpg 594w\" sizes=\"auto, (max-width: 250px) 100vw, 250px\" \/><\/p>\n<p><img loading=\"lazy\" decoding=\"async\" class=\"alignleft wp-image-4238\" src=\"http:\/\/www.varialing.eu\/wp-content\/uploads\/2018\/11\/Rio-Grande-Sul.-300x263.jpg\" alt=\"\" width=\"249\" height=\"218\" srcset=\"https:\/\/www.varialing.eu\/wp-content\/uploads\/2018\/11\/Rio-Grande-Sul.-300x263.jpg 300w, https:\/\/www.varialing.eu\/wp-content\/uploads\/2018\/11\/Rio-Grande-Sul..jpg 699w\" sizes=\"auto, (max-width: 249px) 100vw, 249px\" \/><\/p>\n<h5><strong>Projetos relacionados com AMPER-POR (Santa Catarina)<\/strong><\/h5>\n<p>SEARA, Izabel Christine; SOSA, Juan Manuel, OLIVEIRA, Roberta Pires de, QUADROS, Leonan de Oliveira, MARIANO, Ruan. A variedade dialetal florianopolitana: an\u00e1lises segmentais e suprassegmentais &#8211; em curso<br \/>\nSEARA, Izabel Christine; SOSA, Juan Manuel. &#8220;A pros\u00f3dia da variedade dialetal florianopolitana- conclu\u00eddo<br \/>\nSEARA, Izabel Christine; (respons\u00e1vel de equipa; Universidade Federal de Santa Catarina, Florian\u00f3polis) &#8211; &#8220;A pros\u00f3dia e a entoa\u00e7\u00e3o: estudo comparativo entre diferentes l\u00ednguas&#8221; &#8211; Projeto conclu\u00eddo<\/p>\n<p><strong>Publica\u00e7\u00f5es (ordem alfab\u00e9tica)\u00a0<\/strong><\/p>\n<p><span style=\"font-weight: 400;\">CARPES, D. R.P. ; SEARA, I. C. .<\/span>Estrat\u00e9gias Metodol\u00f3gicas para Investigar a Pros\u00f3dia do Foco no Portugu\u00eas Brasileiro. Revista do GEL, v. 14, p. 125-156, 2017.<\/p>\n<p>CRUZ, R.egina C. F. ; SEARA, Izabel C. ; MOUTINHO, Lurdes . Intonation of Yes\/No question in Portuguese: analysis of the relationship between intonation and lexical stress in the AMPER-POR corpus. Revista de Estudios Linguisticos Hisp\u00e2nicos, v. Anexos n.7, p. 35-44, 2015.<\/p>\n<p>MAIRANO, Paolo (org.). Intonations Romanes (DVD). In: G\u00e9olinguistique (ISSN 0761 9081), hors-s\u00e9rie n\u00b0 4, Centre de Dialectologie \/ GIPSA-lab, Grenoble: Ellug, Universit\u00e9 de Grenoble, 2011. Cap\u00edtulos: Florian\u00f3polis bb01; Florian\u00f3polis bb02; Lages bb11; Lages bb12.<\/p>\n<p>MOUTINHO, L. de C. &amp; SEARA, I. C., \u00ab A presen\u00e7a dos A\u00e7ores em duas comunidades de Florian\u00f3polis (SC): aspetos pros\u00f3dico-entoacionais \u00bb, G\u00e9olinguistique [En ligne], 19 | 2019, mis en ligne le 09 d\u00e9cembre 2019, consult\u00e9 le 20 d\u00e9cembre 2019. <a href=\"https:\/\/journals.openedition.org\/geolinguistique\/1633\">https:\/\/journals.openedition.org\/geolinguistique\/1633<\/a><\/p>\n<p>MOUTINHO, Lurdes de Castro; SEARA, Izabel Christine. Duas variedades pros\u00f3dicas: uma s\u00f3 origem?<a href=\"https:\/\/revistas.pucsp.br\/index.php\/intercambio\/issue\/view\/2776\">Revista Interc\u00e2mbio, v. 52 LII:<\/a> 19-37, 2022. S\u00e3o Paulo: LAEL\/PUCSP. ISNN 2237-759X19https:\/\/doi.org\/10.23925\/2237.759X.2022V52.e60292<\/p>\n<p>NUNES, V., G., SEARA, I., C., (2019). A investiga\u00e7\u00e3o da pros\u00f3dia de senten\u00e7as interrogativas totais em variedades dialetais catarinenses e sergipanas com foco em diferentes metodologias. . <em>In<\/em>\u00a0Lurdes<\/p>\n<p>MOUTINHO (CLLC\/UA) \u2013 Portugal, Sandra Madureira (PUC\/SP) \u2013 Brasil (eds.). A pros\u00f3dia das l\u00ednguas rom\u00e2nicas. N\u00famero tem\u00e1tico da Revista Interc\u00e2mbio, v. XXXIX, 2019. S\u00e3o Paulo: LAEL\/PUCSP. ISNN 2237-759X,\u00a0 pp. 202-223<\/p>\n<p>NUNES, Vanessa Gonzaga. Contribui\u00e7\u00f5es sobre as caracter\u00edsticas pros\u00f3dicas de interrogativas totais neutras produzidas por sergipanos. In: FREITAG, Raquel Meister Ko, LUCENTE, Luciana. (Org.). <em>Pros\u00f3dia da fala<\/em>. 1ed.: Editora Edgard Blucher, 2017, v. , p. 145-162.<\/p>\n<p>NUNES, Vanessa Gonzaga ; DIAS, Eva Christina Orzechowski. Senten\u00e7as interrogativas totais neutras e n\u00e3o-neutras no falar florianopolitano. <em>Working Papers em Lingu\u00edstica<\/em> (Impresso), v. 15, 2014, p. 140.<\/p>\n<p>NUNES, Vanessa Gonzaga; ULIANO, Cristiane G. Pistas pros\u00f3dicas dos falares chapecoense e florianopolitano a partir do detalhe fon\u00e9tico e da taxa de elocu\u00e7\u00e3o de senten\u00e7as interrogativas totais. In: CELSUL, 2014, Chapec\u00f3. <em>Anais<\/em> do XI Encontro do CELSUL. Chapec\u00f3: UFFS, 2014. v. 1. p. 327-328.<\/p>\n<p>NUNES, Vanessa G. ; SEARA, I. C. . Distin\u00e7\u00e3o de variedades dialetais e de modalidades atrav\u00e9s de contornos de regi\u00f5es pr\u00e9-nucleares: an\u00e1lises ac\u00fasticas e perceptuais. Diadorim (Rio de Janeiro), v. 17, p. 34\/2-51, 2015<\/p>\n<p>NUNES, Vanessa G.; SEARA, Izabel C.; RILLIARD, Albert (2015). Pistas pros\u00f3dicas do falar catarinense: um estudo sobre interrogativas totais neutras. Revista Linguagem e Ensino, v. 18, p.251.<\/p>\n<p>NUNES, Vanessa Gonzaga e SEARA, Izabel Christine. \u201cO falar florianopolitano e o lageano: uma an\u00e1lise perceptual\u201d. In: Anais do III Col\u00f3quio Brasileiro de Pros\u00f3dia da Fala. Belo Horizonte. Jun 6-8, 2011.<\/p>\n<p><span style=\"font-weight: 400;\"> NUNES, Vanessa Gonzaga. \u201cO apagamento de vogais \u00e1tonas: o falar florianopolitano\u201d. Anais do IX Encontro do C\u00edrculo de Estudos Lingu\u00edsticos do Sul \u2013 CELSUL- Universidade do Sul de Santa Catarina \u2013 UNISUL, Palho\u00e7a &#8211; SC, outubro de 2010. <\/span><\/p>\n<p><span style=\"font-weight: 400;\"> NUNES, Vanessa Gonzaga; SEARA, Izabel Christine. (2011). &#8220;Interrogativas totais no falar de florianopolitanos e lageanos&#8221;. V Congreso Internacional de Fon\u00e9tica Experimental, C\u00e1ceres, Espanha. Libro de resumenes \u00a0do \u00a0V \u00a0Congreso \u00a0Internacional \u00a0de \u00a0Fon\u00e9tica \u00a0Experimental, \u00a0p.131.\u00a0<\/span><\/p>\n<p>OLIVEIRA, R. P. ; SEARA, I. C. ; SOSA, J. M. . Contorno entonacional declarativo com upstep no falar manezinho e seu significado: uma abordagem cr\u00edtica. In: Lurdes de Castro Moutinho; Rosa L\u00eddia Coimbra; Elisa Fern\u00e1ndez Rei; Xulio Sousa; Alberto G\u00f3mez Bautista. (Org.). Estudos em varia\u00e7\u00e3o lingu\u00edstica nas l\u00ednguas rom\u00e2nicas. 1ed.Aveiro-Portugal: UA Editora, 2019, v. 1, p. 338-355.<\/p>\n<p>RACHADEL, B. M., F\u00d4RMOLO, V. V., SEARA, I. C., &amp; MOUTINHO, L. de C.. \u201c<a href=\"https:\/\/ria.ua.pt\/handle\/10773\/39759\">Viagem e mudan\u00e7a de aspectos pros\u00f3dico-entoacionais da fala de mulheres a\u00e7orianas e brasileiras<\/a>\u201c. In Mundos em Mudan\u00e7a. Vila Nova de Famalic\u00e3o, Portugal: H\u00famus Editora \u2013 UA editora (e-book)., 2023.<\/p>\n<p>SEARA, I.C. &amp; MOUTINHO, L. C. <a href=\"https:\/\/periodicos.ufsc.br\/index.php\/workingpapers\/article\/view\/78517\">Do Pico (nos A\u00e7ores, Portugal) \u00e0 ilha do Desterro (atual Florian\u00f3polis no Brasil): Aspectos pros\u00f3dicos entonacionais.<\/a> <em>Working Papers em Lingu\u00edstica,<\/em> 23(1), Florian\u00f3polis, 2022, pp-113-143. <a href=\"https:\/\/doi.org\/10.5007\/1984-8420.2022.e78517\">https:\/\/doi.org\/10.5007\/1984-8420.2022.e90940<\/a><\/p>\n<p>SEARA, I. C. ; Moutinho, L.C.. A Varia\u00e7\u00e3o na Entoa\u00e7\u00e3o de Declarativas Neutras e Interrogativas Totais nas Tr\u00eas Capitais Do Sul do Brasil. Revista do GEL, v. 17, n. 2, p. 230-266, 2020.<br \/>\n<a href=\"https:\/\/revistas.gel.org.br\/rg\/issue\/view\/74\">https:\/\/revistas.gel.org.br\/rg\/issue\/view\/74<\/a><\/p>\n<p>SEARA, Izabel Christine; MOUTINHO, Lurdes de Castro. Pistas pros\u00f3dicas da presen\u00e7a A\u00e7oriana\u00a0 em\u00a0 duas\u00a0 comunidades Florianopolitanas:\u00a0 um\u00a0 estudo\u00a0 perceptual. <a href=\"https:\/\/revistas.pucsp.br\/index.php\/intercambio\/issue\/view\/2776\">Revista Interc\u00e2mbio, v.52 LII<\/a>: 63-77, 2022. S\u00e3o Paulo: LAEL\/PUCSP. ISNN 2237-759X63https:\/\/doi.org\/10.23925\/2237.759X.2022V52.e60295<\/p>\n<p><span style=\"font-weight: 400;\">SEARA, Izabel Christine; SOSA, Juan Manuel. A identidade dialetal do \u201cmanezinho\u201d com foco em caracter\u00edsticas entonacionais. Letras de Hoje, v.52, n.1, p.51-57, 2017.<\/span><\/p>\n<p><span style=\"font-weight: 400;\"> SEARA, Izabel Christine e COUTO, Let\u00edcia Rebollo. \u201cEntoa\u00e7\u00e3o de frases declarativas e interrogativas totais no falar fluminense e catarinense\u201d. In XVI Congreso Internacional de la Asociaci\u00f3n de Lingu\u00edstica y Filolog\u00eda de la Am\u00e9rica Latina (ALFAL), Alcal\u00e1 de Henares (Espanha), 2011, vol. 1, pp. 01-07.<\/span><\/p>\n<p><span style=\"font-weight: 400;\"> SEARA, Izabel Christine, WIEMES,C\u00e1ssio e MELO, Nilton Jos\u00e9 de. \u201cFrases declarativas e interrogativas no falar florianopolitano: regi\u00e3o urbana\u201d . Caderno de Resumos da 8\u00aa. Semana de Pesquisa e Extens\u00e3o \u2013 SEPEX, 2009. \u00a0\u00a0<\/span><\/p>\n<p><span style=\"font-weight: 400;\"> SEARA, Izabel Christine; SILVA, Maria Cristina Figueiredo; BERRI, Andr\u00e9 R. &#8211; &#8220;A entoa\u00e7\u00e3o do SN-Sujeito no PB falado em Florian\u00f3polis: senten\u00e7as declarativas e interrogativas totais&#8221;, Revista Internacional de Lingu\u00edstica Iberoamericana \u2013RILI, Vervuert Verlag (ISSN 1579-9425). Vol. IX (2011) N\u00b0 1 (17): La prosodia en lenguas y variedades en el \u00e1mbito iberorrom\u00e1nico, 2011, pp. 157-168.<\/span><\/p>\n<p><span style=\"font-weight: 400;\"> SEARA, Izabel. C.; NUNES, Vanessa G.; SOSA, Juan Manuel. Sentence type and prenuclear contours in Brazilian Portuguese: production and perception. In: Speech Prosody 7, 2014, Dublin. Proceedings of the 7th international conference on Speech Prosody, 2014. p. 448-452. Resumo<\/span><\/p>\n<p>SEARA, I. C.; SOSA, J. M.; OLIVEIRA, R. P. A vitalidade identit\u00e1ria de contornos entonacionais caracter\u00edsticos do falar manezinho. Revista Gragoat\u00e1 (UFF), v. 23, p. 632-653, 2018.<\/p>\n<p>SEARA, I. C.. Algumas observa\u00e7\u00f5es sobre caracter\u00edsticas segmentais da variedade florianopolitana. In: Lurdes de Castro Moutinho; Rosa L\u00eddia Coimbra; Elisa Fern\u00e1ndez Rei; Xulio Sousa; Alberto G\u00f3mez Bautista. (Org.). Estudos em varia\u00e7\u00e3o lingu\u00edstica nas l\u00ednguas rom\u00e2nicas. 1ed.Aveiro: UA Editora, 2019, v. 1, p. 49-63.<\/p>\n<p><span style=\"font-weight: 400;\">SOSA, J. M.; NUNES, V. G. &amp;\u00a0SEARA, I. C. (2013). \u201cVaria\u00e7\u00e3o pros\u00f3dica das senten\u00e7as interrogativas totais no falar catarinense: um estudo experimental\u201d, Revista Leitura n. 52 (com a tem\u00e1tica: Estudos Pros\u00f3dicos) v. 2, p. 139-163. \u00a0<\/span><\/p>\n<p>SOSA, J. M. ; SEARA, I. C. Fon\u00e9tica e Fonologia da entoa\u00e7\u00e3o do falar &#8216;manezinho&#8217;: o contorno declarativo com upstep. In: III Encontro Intermedi\u00e1rio do GT de Fon\u00e9tica e Fonologia da ANPOLL, 2017, Porto Alegre. <em>Caderno de Resumos<\/em>. Porto Alegre, 2017. v. 1. p. 1-1.<\/p>\n<p><span style=\"font-weight: 400;\"> ULIANO, C. G., NUNES, V. G. &amp;\u00a0SEARA, I. C. (2015). Pistas Pros\u00f3dicas no detalhe fon\u00e9tico: movimento intrassil\u00e1bico e intersil\u00e1bico da variedade chapecoense. In MOUTINHO, Lurdes de Castro; COIMBRA, Rosa L\u00eddia; REI; Elisa Fern\u00e1ndez (coords). (2015). \u00a0Estudos em varia\u00e7\u00e3o geopros\u00f3dica. Aveiro: UA Editora, Universidade de Aveiro, pp. \u00a019-32.<\/span><\/p>\n<p><b>Trabalhos acad\u00e9micos <\/b><b>(ordem alfab\u00e9tica) <\/b><\/p>\n<h5><b>Conclu\u00eddos<\/b><\/h5>\n<p>DAYEH, Allan. A entoa\u00e7\u00e3o em Chapec\u00f3: etiquetagem de dados. 2014. Orienta\u00e7\u00e3o de <strong>Inicia\u00e7\u00e3o Cient\u00edfica<\/strong>. (Graduando em Abi &#8211; Letras L\u00edngua Portuguesa) &#8211; Universidade Federal de Santa Catarina, Coordena\u00e7\u00e3o de Aperfei\u00e7oamento de Pessoal de N\u00edvel Superior. Orientador: Izabel Christine Seara.<\/p>\n<p>MELO, Nilton Jos\u00e9. Projeto Amper: pros\u00f3dia de frases declarativas e interrogativas em Florian\u00f3polis. 2008. Orienta\u00e7\u00e3o de <strong>Inicia\u00e7\u00e3o Cient\u00edfica<\/strong>. Bolsista Volunt\u00e1rio. (Letras &#8211; Portugu\u00eas) &#8211; Universidade Federal de Santa Catarina. Orientador: Izabel Christine Seara.<\/p>\n<p><span style=\"font-weight: 400;\">NUNES, Vanessa Gonzaga &#8211; \u201cAn\u00e1lises entonacionais de senten\u00e7as declarativas e interrogativas totais nos falares lageano e florianopolitano\u201d. Programa de P\u00f3s-Gradua\u00e7\u00e3o em Lingu\u00edstica, Universidade Federal de Santa Catarina. Disserta\u00e7\u00e3o de Mestrado, Florian\u00f3polis (SC), Orientadora: Profa. Izabel Christine Seara (conclu\u00eddo em 29 de abril de 2011).<\/span><\/p>\n<p><span style=\"font-weight: 400;\"> NUNES, Vanessa Gonzaga &#8211; Tese de doutorado &#8220;A pros\u00f3dia de senten\u00e7as interrogativas totais nos falares catarinenses e sergipanos&#8221;; orientadora, Izabel Christine Seara ; coorientador, Juan Manuel Sosa. &#8211; Florian\u00f3polis, SC, 2015. 563 p.<\/span><\/p>\n<p><span style=\"font-weight: 400;\">SILVA, Sara Farias &#8211; &#8220;Estudo entonacional das modalidades declarativas e interrogativas totais do franc\u00eas: nativos e aprendizes brasileiros de FLE&#8221;; Programa de P\u00f3s-Gradua\u00e7\u00e3o em Lingu\u00edstica, Universidade Federal de Santa Catarina. Disserta\u00e7\u00e3o de Mestrado, Florian\u00f3polis (SC), Orientadora: Profa. Izabel Christine Seara (conclu\u00eddo em 25 de agosto de 2011).<\/span><\/p>\n<p>QUADROS, Leonan Felipe de Oliveira. Etiquetagem e segmenta\u00e7\u00e3o de dados do Projeto AMPER-POR: Rio Grande do Sul. 2015. Orienta\u00e7\u00e3o de <strong>Inicia\u00e7\u00e3o Cient\u00edfica<\/strong>. Bolsista Volunt\u00e1rio &#8211; Universidade Federal de Santa Catarina. Orientador: Izabel Christine Seara.<\/p>\n<p>ULIANO, Cristiane Gon\u00e7alves (2015). \u00a0Pesquisa de Inicia\u00e7\u00e3o Cient\u00edfica \u201cProjeto AMPER: portugu\u00eas catarinense\u201d Orienta\u00e7\u00e3o de <strong>Inicia\u00e7\u00e3o Cient\u00edfica<\/strong>. Bolsista PIBIC. Relat\u00f3rio de Conclus\u00e3o da Pesquisa.<\/p>\n<p>WIEMES, C\u00e1ssio. Projeto Amper: pros\u00f3dia de frases declarativas e interrogativas em Florian\u00f3polis. 2008. Orienta\u00e7\u00e3o de <strong>Inicia\u00e7\u00e3o Cient\u00edfica<\/strong>. Bolsista Volunt\u00e1rio. (Letras &#8211; Portugu\u00eas) &#8211; Universidade Federal de Santa Catarina. Orientador: Izabel Christine Seara.<\/p>\n<p><strong>Est\u00e1gio de P\u00f3s-doc<\/strong><\/p>\n<p><span style=\"font-weight: 400;\">Prof.\u00aa Izabel\u00a0Christine Seara &#8211;\u00a0Projeto de\u00a0 P\u00f3s-doutoramento em Lingu\u00edstica\/Fon\u00e9tica (geopros\u00f3dia), na Universidade de Aveiro.<\/span><span style=\"font-weight: 400;\"> T\u00edtulo:\u00a0<em>Estudo pros\u00f3dico-entoacional de declarativas e Interrogativas na variedade dialetal florianopolitana:Regi\u00e3o n\u00e3o-urbana<\/em>. Supervisora: Lurdes de Castro Moutinho, Universidade de Aveiro (conclu\u00eddo &#8211; maio de 2019).<\/span><\/p>\n<h5><b>Outras atividades \u00a0<\/b><b>(ordem alfab\u00e9tica)<\/b><\/h5>\n<p>BERRI, Andr\u00e9 &#8211; &#8220;Entoa\u00e7\u00e3o do Portugu\u00eas Brasileiro . Variante de Florian\u00f3polis&#8221;. X CONGRESSO NACIONAL DE FON\u00c9TICA E FONOLOGIA \/IV CONGRESSO INTERNACIONAL DE FON\u00c9TICA E FONOLOGIA, Universidade Federal Fluminense, Niter\u00f3i, Rio de Janeiro (2008).<\/p>\n<p>BERRI, Andr\u00e9 &#8211; Participa\u00e7\u00e3o no workshop AMPER-POR dirigido a todas as equipas brasileiras pertencentes ao projecto AMPER-POR, realizado na Universidade Federal Fluminense, 21 de Dezembro de 2008, dinamizado por Lurdes C. MOUTINHO, Universidade de Aveiro \u2013 Portugal &#8211; coordenadora AMPER-POR).<\/p>\n<p><span style=\"font-weight: 400;\">CRUZ, Regina C\u00e9lia Fernandes, Lurdes de Castro MOUTINHO, Izabel Christina SEARA, Albert RILLIARD. An\u00e1lise interdialetal da entona\u00e7\u00e3o modal do portugu\u00eas. XXVIIIe Congr\u00e8s international de linguistique et de philologie romanes (19-07-2016), Universit\u00e0 Sapienza, Roma.<\/span><\/p>\n<p>MOUTINHO, L. C.; ANTUNES, L. B.; CRUZ, R. C. F. \u201cAtlas Multim\u00e9dia Pros\u00f3dico do Espa\u00e7o Rom\u00e2nico (AMPER): do seu in\u00edcio \u00e0 atualidade\u201d. Comunica\u00e7\u00e3o apresentada no V Congresso Internacional de Dialetologia e Sociolingu\u00edstica (CIDS), Universidade Federal da Bahia, 11-14 de setembro 2018.<\/p>\n<p>NUNES V. G.(UFS), Seara I.(UFSC) &#8211; &#8220;A investiga\u00e7\u00e3o da pros\u00f3dia de senten\u00e7as interrogativas totais em variedades dialetais catarinenses e sergipanas com foco em diferentes metodologias&#8221;, Comunica\u00e7\u00e3o oral apresentada ao Congresso Internacional Congresso Internacional em Varia\u00e7\u00e3o Lingu\u00edstica nas L\u00ednguas Rom\u00e2nicas, Centro de L\u00ednguas Literaturas e Culturas, Universidade de Aveiro, 2-4 de maio 2018.<\/p>\n<p>NUNES, Vanessa Gonzaga. Declarativas ou exclamativas? Uma sondagem sobre contextos espec\u00edficos no discurso dos sergipanos. In: VIII Sinpel &#8211; Semin\u00e1rio Integrado de Pesquisas em Lingu\u00edstica, 2017, Florian\u00f3polis. <em>Anais<\/em> do VIII SINPEL &#8211; Semin\u00e1rio Integrado de Pesquisas em Lingu\u00edstica. Florian\u00f3polis: CCE\/UFSC, 2017 (comunica\u00e7\u00e3o oral).<\/p>\n<p>NUNES, Vanessa Gonzaga. Santa Catarina no mapa do AMPER: um atlas pros\u00f3dico em constru\u00e7\u00e3o. In: Simp\u00f3sio Internacional Linguagens e Culturas: Homenagem aos 40 anos dos Programas de P\u00f3s-Gradua\u00e7\u00e3o em Lingu\u00edstica, Literatura e, 2011, Florian\u00f3polis. <em>Anais<\/em> Simp\u00f3sio Internacional Linguagens e Culturas: Homenagem aos 40 anos dos Programas de P\u00f3s-Gradua\u00e7\u00e3o em Lingu\u00edstica, Literatura e, 2011. (https:\/\/www.scribd.com\/doc\/130097902\/Anais-Pos40anos-Ufsc)<\/p>\n<p><span style=\"font-weight: 400;\">NUNES, Vanessa Gonzaga Nunes &amp; SEARA, Izabel Christine (2015). \u201cVaria\u00e7\u00e3o pros\u00f3dico-entoacional em falares regionais do sul (catarinense) e do nordeste (sergipano) do Brasil\u201d. Comunica\u00e7\u00e3o oral apresentada ao Col\u00f3quio Internacional de Geopros\u00f3dia do Portugu\u00eas e do Galego, Universidade de Aveiro, Portugal, 17-19 de junho de 2015.<\/span><\/p>\n<p><span style=\"font-weight: 400;\">SEARA, I. C. ; NUNES, Vanessa G. ; ALMEIDA, Jussara Abra\u00e7ado de . Mesa-Redonda: Projeto AMPER &#8211; as pesquisas brasileiras. 2010. IV Semin\u00e1rio Integrado de Pesquisas em Lingu\u00edstica (SINPEL) \u2013 maio de 2010 \u2013 Universidade Federal de Santa Catarina<\/span><\/p>\n<p><span style=\"font-weight: 400;\">SEARA, Izabel Christine; NUNES, Vanessa Gonzaga. Desvozeamento voc\u00e1lico nos falares catarinense e sergipano. Participa\u00e7\u00e3o em mesa redonda (tema geral: Desvozeamento Voc\u00e1lico no Portugu\u00eas) no IX Congresso Internacional da ABRALIN (Associa\u00e7\u00e3o Brasileira de Lingu\u00edstica), que se realizou na Universidade Federal do Par\u00e1 (UFPA), de 25 a 28 de fevereiro 2015.<\/span><\/p>\n<p>SEARA, Izabel Christine; ABRA\u00c7ADO, Jussara ; NUNES, Vanessa Gonzaga . Projeto Amper: as pesquisas brasileiras. In: IV Sinpel &#8211; Semin\u00e1rio Integrado de Pesquisas em Lingu\u00edstica, 2010, Florian\u00f3polis. Caderno de Resumos, 2010.<\/p>\n<p>SILVA, Sara F. Panorama entoacional das modalidades declarativas e interrogativas totais do franc\u00eas: nativos e aprendizes brasileiros de FLE. In: Simp\u00f3sio Internacional Linguagens e Culturas: Homenagem aos 40 anos dos Programas de P\u00f3s-Gradua\u00e7\u00e3o em Lingu\u00edstica, Literatura e Ingl\u00eas da UFSC, 2011, Florian\u00f3polis. Anais do Simp\u00f3sio Internacional Linguagens e Culturas: Homenagem aos 40 anos dos Programas de P\u00f3s-Gradua\u00e7\u00e3o em Lingu\u00edstica, Literatura e Ingl\u00eas da UFSC, 2011. v. 1.<\/p>\n<p><span style=\"font-weight: 400;\">SILVA, Sara Farias da e SEARA, Izabel Christine. \u201cMetodologia para coleta de dados sobre a entoa\u00e7\u00e3o do franc\u00eas: fala semi-espont\u00e2nea.\u201d Caderno de Resumos da 7\u00aa. Semana de Pesquisa e Extens\u00e3o \u2013 SEPEX, Universidade Federal de Santa Catarina, 2008 \u00a0<\/span><\/p>\n<p><span style=\"font-weight: 400;\">ULIANO, C. G.; NUNES, V. G. ; SEARA, I. C. . 25\u00ba Semin\u00e1rio de Inicia\u00e7\u00e3o Cient\u00edfica da UFSC..Projeto AMPER : Portugu\u00eas Catarinense. Apresenta\u00e7\u00e3o de Poster, 2015<\/span><\/p>\n<p>SILVA, Sara Faria; Seara, Izabel Christine (2011). &#8220;An\u00e1lise Entonacional de Frases Declarativas e Interrogativas Totais: franc\u00eas como l\u00edngua estrangeira&#8221;. V Congreso Internacional de Fon\u00e9tica Experimental, C\u00e1ceres, Espanha . Libro de resumenes \u00a0do \u00a0V \u00a0Congreso \u00a0Internacional \u00a0de \u00a0Fon\u00e9tica \u00a0Experimental. Comunica\u00e7\u00e3o oral.<\/p>\n<p><span style=\"font-weight: 400;\">ULIANO, C. G.; NUNES, V. G. ; SEARA, I. C. . 24\u00ba Semin\u00e1rio de Inicia\u00e7\u00e3o Cient\u00edfica da UFSC.A entoa\u00e7\u00e3o na cidade de Chapec\u00f3. Apresenta\u00e7\u00e3o de Poster, 2014.<\/span><\/p>\n<h5><b>Paran\u00e1 &#8211; Universidade Federal do Paran\u00e1 <\/b><\/h5>\n<h5><b>Publica\u00e7\u00f5es <\/b><b>(ordem alfab\u00e9tica)<\/b><\/h5>\n<p><span style=\"font-weight: 400;\"> KLUGE, Denise Cristina; MILAN, Pollianna. A Velocidade de Fala do Dialeto de Curitiba (PR): um Estudo Pros\u00f3dico Preliminar. In: Cadernos da Semana de Letras da UFPR, Curitiba, p.7-17, 2015. \u00a0Dispon\u00edvel no site: http:\/\/www.semanadeletras.ufpr.br\/wp-content\/uploads\/2013\/05\/CadernosSemanaDeLetras_2015.pdf<\/span><\/p>\n<p>MILAN, Pollianna; KLUGE, Denise Cristina. O papel da frequ\u00eancia fundamental e da intensidade para distinguir enunciados interrogativos de afirmativos na regi\u00e3o nuclear do dialeto curitibano. SIGNUM [LONDRINA]: ESTUDOS DE LINGUAGEM, v. 20, p. 265-292, 2017.<\/p>\n<p>MILAN, Pollianna; KLUGE, Denise Cristina. Diferen\u00e7as na regi\u00e3o pr\u00e9-nuclear entre senten\u00e7as assertivas e interrogativas do dialeto curitibano: produ\u00e7\u00e3o e percep\u00e7\u00e3o. Cadernos de Estudos Lingu\u00edsticos, v. 59, p. 289-316, 2017.<\/p>\n<p><span style=\"font-weight: 400;\"> MILAN, Pollianna, Denise Cristina KLUGE, Juan Manuel SOSA (2015). Quest\u00f5es pros\u00f3dicas do dialeto curitibano: Uma proposta de nota\u00e7\u00e3o autossegmental m\u00e9trica aliada a taxa de inclina\u00e7\u00e3o na regi\u00e3o nuclear. In MOUTINHO, Lurdes de Castro; <\/span><span style=\"font-weight: 400;\">COIMBRA, R. L. &amp; FERN\u00c1NDEZ REI, E. (coord.) (2015). Estudos em varia\u00e7\u00e3o geopros\u00f3dica. Aveiro: UA Editora (ISBN: 978-972-789-467-3). Total de p\u00e1ginas: 250&#8230;<\/span><\/p>\n<p><span style=\"font-weight: 400;\"> MILAN, Pollianna. KLUGE, Denise C. Caracter\u00edsticas pros\u00f3dicas do dialeto de Curitiba: contribui\u00e7\u00f5es ao Amper. In: Caderno de Resumos do IX Congresso Internacional da ABRALIN \u2013 Simp\u00f3sios tem\u00e1ticos, p.448-449. 2015. <\/span><\/p>\n<p><span style=\"font-weight: 400;\"> MILAN, Pollianna. KLUGE, Denise C. Percep\u00e7\u00e3o dialetal de declarativas neutras e interrogativas totais produzidas por falantes curitibanos: testes de identifica\u00e7\u00e3o e de discrimina\u00e7\u00e3o. In: Revista da Abralin. V,14, n.1, p. 469-495, jan\/jun 2015.<\/span><\/p>\n<p><span style=\"font-weight: 400;\"> MILAN, Pollianna; KLUGE, Denise Cristina. An\u00e1lise Pros\u00f3dica da Regi\u00e3o Nuclear do Dialeto de Curitiba: m\u00e9dia de f0, intensidade, gama tonal e um teste de percep\u00e7\u00e3o. In: Caderno de Resumos do V Col\u00f3quio Brasileiro de Pros\u00f3dia da Fala, Universidade de Bras\u00edlia, Campus Ceil\u00e2ndia, \u00a0p.51-54, 2015. \u00a0Dispon\u00edvel no site: http:\/\/docplayer.com.br\/11657676-Caderno-de-resumos-do-v-coloquio-brasileiro-de-prosodia-da-fala.html <\/span><\/p>\n<p><b>Trabalhos acad\u00e9micos <\/b><b>(ordem alfab\u00e9tica)<\/b><\/p>\n<p><span style=\"font-weight: 400;\"> MILAN, Pollianna. Disserta\u00e7\u00e3o de mestrado (Mestrado em Letras). Subs\u00eddios para uma an\u00e1lise pros\u00f3dica do dialeto de Curitiba: uma contribui\u00e7\u00e3o ao projeto Amper-Por. Programa de P\u00f3s-gradua\u00e7\u00e3o em Lingu\u00edstica. Universidade Federal do Paran\u00e1. Orientadora: Denise Cristina Kluge. Co-orientador: Juan Manuel Sosa. (conclu\u00edda em mar\u00e7o de 2015).<\/span><\/p>\n<h5><b>Outras atividades \u00a0<\/b><b>(ordem alfab\u00e9tica)<\/b><\/h5>\n<p>KLUGE, Denise C. MILAN, Pollianna. Percep\u00e7\u00f5es de um dialeto brasileiro: o falar de Curitiba, no Paran\u00e1. Poster apresentado ao Col\u00f3quio Internacional de Geopros\u00f3dia do Portugu\u00eas e do Galego. 2015<\/p>\n<p>MILAN, Pollianna. Algumas quest\u00f5es pros\u00f3dicas sobre o falar curitibano. In: Semana de Letras da Universidade Federal do Paran\u00e1, 2015.<\/p>\n<p>MILAN, Pollianna. An\u00e1lises entoacionais de senten\u00e7as declarativas e interrogativas totais no falar curitibano: contribui\u00e7\u00f5es ao projeto Amper-Por. In: V F\u00f3rum de Produ\u00e7\u00e3o Discente da UFPR. 2014<\/p>\n<p>MILAN, Pollianna. Dialeto curitibano. In: Programa de Televis\u00e3o \u201cEm Tese\u201d, da Universidade Federal do Paran\u00e1, veiculado no m\u00eas de novembro de 2015, nos canais 15 da NET e 187 da Vivo TV.<\/p>\n<p>MILAN, Pollianna. KLUGE, Denise C. \u00a0Quest\u00f5es pros\u00f3dicas do dialeto curitibano: uma proposta de nota\u00e7\u00e3o autossegmental m\u00e9trica aliada \u00e0 taxa de inclina\u00e7\u00e3o na regi\u00e3o nuclear. In: Col\u00f3quio Internacional de Geopros\u00f3dia do Portugu\u00eas e do Galego. 2015<\/p>\n<p>MILAN, Pollianna. KLUGE, Denise C. Caracter\u00edsticas pros\u00f3dicas do dialeto de Curitiba (PR): contribui\u00e7\u00f5es ao AMPER. In: IX Congresso Internacional da Abralin.<\/p>\n<p>MILAN, Pollianna; KLUGE, Denise Cristina. An\u00e1lise Pros\u00f3dica da Regi\u00e3o Nuclear do Dialeto de Curitiba: m\u00e9dia de f0, intensidade, gama tonal e um teste de percep\u00e7\u00e3o. In: \u00a0V Col\u00f3quio Brasileiro de Pros\u00f3dia da Fala, Universidade de Bras\u00edlia, Campus Ceil\u00e2ndia, \u00a02015.<\/p>\n<p><b>Rio Grande do Sul &#8211; Universidade Federal do Pampa \u00a0<\/b><\/p>\n<h5><strong>Projetos relacionados com AMPER-POR<\/strong><\/h5>\n<p>SANTOS, Giane Rodrigues (respons\u00e1vel principal), Leonan Felipe de Oliveira Quadros &amp; Kimberly Ferreira da Costa \u2013 membros do projeto \u201cEntona\u00e7\u00e3o do Portugu\u00eas-Espanhol na fronteira Brasil-Uruguai\u201d. Conclu\u00eddo.<\/p>\n<h5><b>Publica\u00e7\u00f5es<\/b><\/h5>\n<p>ORZECHOWSKI, E. C. ; SANTOS, G. S. . An\u00e1lisis pros\u00f3dico de frases enunciativas e interrogativas absolutas en portugu\u00e9s\/L1 y espa\u00f1ol\/L2. In: Ana Ma. Fern\u00e1ndez Planas. (Org.). 53 reflexiones sobre aspectos de la fon\u00e9tica y otros temas de ling\u00fc\u00edstica. 1ed.Barcelona: Ana Ma. Fern\u00e1ndez Planas, 2016, v. 1, p. 277-282.<\/p>\n<h5><b>Outras atividades <\/b><\/h5>\n<p>COSTA, Kimberly Ferreira, SANTOS, Giane Rodrigues. Entoa\u00e7\u00e3o do portugu\u00eas e do espanhol na fronteira Brasil\/Uruguai. POSTER no 8\u00ba SIEPE &#8211; Sal\u00e3o Internacional de Ensino, Pesquisa e\u00a0Extens\u00e3o, Universidade Federal do Pampa (Unipampa), 22 e 24 de novembro, 2016.<\/p>\n","protected":false},"excerpt":{"rendered":"<p>Equipa Regi\u00e3o Sul &#8211; Santa Catarina, Paran\u00e1 e Rio Grande do Sul &#8211; Izabel Christine Seara (Respons\u00e1vel de equipa da Regi\u00e3o Sul; Doutora e docente da Universidade Federal de Santa Catarina, UFSC, Florian\u00f3polis) P\u00e1gina web: http:\/\/fonapli.paginas.ufsc.br\/projetos-vinculados-ao-fonapli\/projeto-amper-por\/ Santa Catarina &#8211; Izabel Christine Seara (Respons\u00e1vel de equipa; Doutora e docente da Universidade Federal de Santa Catarina, UFSC, <a class=\"read-more\" href=\"https:\/\/www.varialing.eu\/?page_id=1046\">Read More<\/a><\/p>\n","protected":false},"author":2,"featured_media":0,"parent":272,"menu_order":0,"comment_status":"closed","ping_status":"closed","template":"","meta":{"footnotes":""},"class_list":["post-1046","page","type-page","status-publish","hentry"],"_links":{"self":[{"href":"https:\/\/www.varialing.eu\/index.php?rest_route=\/wp\/v2\/pages\/1046","targetHints":{"allow":["GET"]}}],"collection":[{"href":"https:\/\/www.varialing.eu\/index.php?rest_route=\/wp\/v2\/pages"}],"about":[{"href":"https:\/\/www.varialing.eu\/index.php?rest_route=\/wp\/v2\/types\/page"}],"author":[{"embeddable":true,"href":"https:\/\/www.varialing.eu\/index.php?rest_route=\/wp\/v2\/users\/2"}],"replies":[{"embeddable":true,"href":"https:\/\/www.varialing.eu\/index.php?rest_route=%2Fwp%2Fv2%2Fcomments&post=1046"}],"version-history":[{"count":69,"href":"https:\/\/www.varialing.eu\/index.php?rest_route=\/wp\/v2\/pages\/1046\/revisions"}],"predecessor-version":[{"id":6013,"href":"https:\/\/www.varialing.eu\/index.php?rest_route=\/wp\/v2\/pages\/1046\/revisions\/6013"}],"up":[{"embeddable":true,"href":"https:\/\/www.varialing.eu\/index.php?rest_route=\/wp\/v2\/pages\/272"}],"wp:attachment":[{"href":"https:\/\/www.varialing.eu\/index.php?rest_route=%2Fwp%2Fv2%2Fmedia&parent=1046"}],"curies":[{"name":"wp","href":"https:\/\/api.w.org\/{rel}","templated":true}]}}