{"id":1019,"date":"2017-03-16T15:12:00","date_gmt":"2017-03-16T15:12:00","guid":{"rendered":"http:\/\/varialing.web.ua.pt\/?page_id=1019"},"modified":"2025-07-19T20:41:02","modified_gmt":"2025-07-19T20:41:02","slug":"minas-gerais","status":"publish","type":"page","link":"https:\/\/www.varialing.eu\/?page_id=1019","title":{"rendered":"Minas Gerais"},"content":{"rendered":"<h5><strong>Equipa<\/strong><\/h5>\n<p>Projecto sediado em: Departamento de Letras da Universidade Federal de Ouro Preto (Mariana, MG)<\/p>\n<p>&#8211; Leandra Batista Antunes (Respons\u00e1vel de equipa &#8211; nome para contacto, Doutora, Universidade Federal de Ouro Preto)<br \/>\n&#8211; Adriana Nascimento Bodolay (Doutora, Universidade Federal dos Vales do Jequitinhonha e Mucuri)<\/p>\n<h5><strong>Pontos de recolha<\/strong><\/h5>\n<p><img loading=\"lazy\" decoding=\"async\" class=\"size-medium wp-image-1022 aligncenter\" src=\"http:\/\/varialing.web.ua.pt\/wp-content\/uploads\/2017\/03\/Minas-300x253.jpg\" alt=\"\" width=\"300\" height=\"253\" srcset=\"https:\/\/www.varialing.eu\/wp-content\/uploads\/2017\/03\/Minas-300x253.jpg 300w, https:\/\/www.varialing.eu\/wp-content\/uploads\/2017\/03\/Minas.jpg 400w\" sizes=\"auto, (max-width: 300px) 100vw, 300px\" \/><\/p>\n<h4><strong>Projetos relacionados com o AMPER- POR<\/strong><\/h4>\n<h5><strong>Conclu\u00eddos<\/strong><\/h5>\n<p><em>Leandra Batista Antunes (coordenadora) &#8211; A fun\u00e7\u00e3o modal da entona\u00e7\u00e3o no falar mineiro<\/em><\/p>\n<p><strong>Descri\u00e7\u00e3o<\/strong>: A fun\u00e7\u00e3o modal da pros\u00f3dia pode ser definida como aquela que determina, na aus\u00eancia de outros \u00edndices lingu\u00edsticos, a modalidade de uma senten\u00e7a oralmente proferida (interrogativa, declarativa). (MORAES, 1993). Como a pros\u00f3dia pode variar nos diferentes falares, o objetivo deste projeto \u00e9 investigar como se configuram os par\u00e2metros pros\u00f3dicos nas senten\u00e7as declarativas e interrogativas totais (perguntas cujar respostas s\u00e3o sim ou n\u00e3o), distinguindo essas modalidades, em falares mineiros das cidades de Mariana, Belo Horizonte, Montes Claros e Varginha, com aquisi\u00e7\u00e3o de dados segundo a metodologia do Projeto AMPER, de modo a caracterizar o uso da fun\u00e7\u00e3o modal da entona\u00e7\u00e3o e\u00a0 algumas variedades dos falares mineiros.<br \/>\nNatureza: Pesquisa.\u00a0 Alunos envolvidos: Gradua\u00e7\u00e3o: (2)<\/p>\n<p>Leandra Batista Antunes (coordenadora) e Leandro da Silva Moura (bolsista) &#8211; <em>Varia\u00e7\u00e3o dialetal em Minas Gerais<\/em> &#8211; projeto de Inicia\u00e7\u00e3o Cient\u00edfica desenvolvido na Universidade Federal de Ouro Preto com bolsa de pesquisa da FAPEMIG. In\u00edcio em mar\u00e7o de 2012 e t\u00e9rmino em fevereiro de 2014.<\/p>\n<p>Leandra B. Antunes (coordenadora) e Leandro Augusto dos Santos (graduando em Letras) &#8211; Projeto de pesquisa \u2013 Inicia\u00e7\u00e3o Cient\u00edfica como volunt\u00e1rio na UFOP &#8211; <em>Entona\u00e7\u00e3o de senten\u00e7as declarativas e interrogativas no falar de Mariana \u2013 MG<\/em> \u2013 in\u00edcio em mar\u00e7o de 2010 e t\u00e9rmino em fevereiro de 2011.<\/p>\n<p>Leandra Batista Antunes (coordenadora) &#8211;\u00a0<em> A fun\u00e7\u00e3o modal da entona\u00e7\u00e3o no falar mineiro<br \/>\n<\/em><strong>Descri\u00e7\u00e3o:<\/strong> A fun\u00e7\u00e3o modal da pros\u00f3dia pode ser definida como aquela que determina, na aus\u00eancia de outros \u00edndices lingu\u00edsticos, a modalidade de uma senten\u00e7a oralmente proferida (interrogativa, declarativa). (MORAES, 1993). Como a pros\u00f3dia pode variar nos diferentes falares, o objetivo deste projeto \u00e9 investigar como se configuram os par\u00e2metros pros\u00f3dicos nas senten\u00e7as declarativas e interrogativas totais (perguntas cujas respostas s\u00e3o sim ou n\u00e3o), distinguindo essas modalidades, em falares mineiros das cidades de Mariana, Belo Horizonte, Montes Claros e Varginha, com aquisi\u00e7\u00e3o de dados segundo a metodologia do Projeto AMPER, de modo a caracterizar o uso da fun\u00e7\u00e3o modal da entona\u00e7\u00e3o e\u00a0 algumas variedades dos falares mineiros.<br \/>\nNatureza: Pesquisa.\u00a0 Alunos envolvidos: Gradua\u00e7\u00e3o: (2)<\/p>\n<p>Leandra Batista Antunes (coordenadora) e Leandro da Silva Moura (bolsista) \u2013\u00a0<em>Varia\u00e7\u00e3o dialetal em Minas Gerais<\/em>\u00a0\u2013 projeto de Inicia\u00e7\u00e3o Cient\u00edfica desenvolvido na Universidade Federal de Ouro Preto com bolsa de pesquisa da FAPEMIG. In\u00edcio em mar\u00e7o de 2012 e t\u00e9rmino em fevereiro de 2014.<\/p>\n<p>Leandra B. Antunes (coordenadora) e Leandro Augusto dos Santos (graduando em Letras) \u2013 Projeto de pesquisa \u2013 Inicia\u00e7\u00e3o Cient\u00edfica como volunt\u00e1rio na UFOP \u2013\u00a0<em>Entona\u00e7\u00e3o de senten\u00e7as declarativas e interrogativas no falar de Mariana \u2013 MG<\/em>\u00a0\u2013 in\u00edcio em mar\u00e7o de 2010 e t\u00e9rmino em fevereiro de 2011.<\/p>\n<p>Leandra Batista Antunes &#8211; Projeto: <em>A velocidade de fala e a dura\u00e7\u00e3o sil\u00e1bica como caracter\u00edsticas de regionalidade no falar mineiro<\/em> \u2013 agosto de 2021 a julho de 2022.<br \/>\n<strong>Resumo do projeto:<\/strong> este projeto tem por objetivo investigar diferen\u00e7as do falar do norte de Minas (cidade de Montes Claros) com o falar de outras cidades mineiras que se situam no centro do estado (Mariana, Belo Horizonte), a fim de verificar se existem diferen\u00e7as pros\u00f3dicas entre esses falares, principalmente no que se refere \u00e0s medidas de dura\u00e7\u00e3o de s\u00edlabas e de velocidade de fala. Estudos anteriores (ANTUNES; BODOLAY, 2019) indicam que a fala em Montes Claros seria mais lenta que em outras cidades do estado. Partindo dessa hip\u00f3tese, ser\u00e3o investigados novos dados do Projeto AMPER de modo a comparar esses falares e ver se realmente apresentam distin\u00e7\u00e3o quanto \u00e0 velocidade de fala.<br \/>\nRespons\u00e1vel: Leandra Batista Antunes. Bruna Costa Morais Urzedo \u2013 participante (orientanda).<\/p>\n<h4><strong>Publica\u00e7\u00f5es (ordem alfab\u00e9tica)<\/strong><\/h4>\n<p>ANTUNES, L. B. O alinhamento tonal e a varia\u00e7\u00e3o pro\u00f3sica em Minas Gerais. In: MOUTINHO, L. C. Et alii. (coords). <a href=\"https:\/\/ria.ua.pt\/handle\/10773\/39759\"><em>Mundos em Mudan\u00e7a<\/em><\/a>. Famalic\u00e3o: Edi\u00e7\u00f5es H\u00famus, 2023. P. 247-268 (tamb\u00e9m em e-book).<\/p>\n<p>ANTUNES, Leandra Batista; BODOLAY, Adriana Nascimento. Velocidade de fala no falar Mineiro: an\u00e1lise de dados do AMPER. <a href=\"https:\/\/revistas.pucsp.br\/index.php\/intercambio\/issue\/view\/2776\">Revista Interc\u00e2mbio, v52 .LII:<\/a> 78-99, 2022. S\u00e3o Paulo: LAEL\/PUCSP. ISNN 2237-759X78https:\/\/doi.org\/10.23925\/2237.759X.2022V52.e60296<\/p>\n<p>ANTUNES, L. B., (2021)<a href=\"http:\/\/www.periodicos.letras.ufmg.br\/index.php\/caligrama\/article\/view\/17795\"><em> Estudo o pros\u00f3dico comparativo de declarativas e interrogativas<\/em><\/a><br \/>\n<em>totais do portugu\u00eas brasileiro e do portugu\u00eas europeu. <\/em>Caligrama, Belo Horizonte, v. 26, n. 2, eISSN: 2358-9787, pp. 217-239. DOI: 10.17851\/2358-9787.26.1.217-239<\/p>\n<p>ANTUNES, L., B., BODOLAY, A., N. (2019). Varia\u00e7\u00e3o pros\u00f3dica mineira no \u00e2mbito do projeto AMPER-POR. <em>In<\/em>\u00a0Lurdes Moutinho (CLLC\/UA) \u2013 Portugal, Sandra Madureira (PUC\/SP) \u2013 Brasil (eds.). A pros\u00f3dia das l\u00ednguas rom\u00e2nicas. N\u00famero tem\u00e1tico da\u00a0Revista Interc\u00e2mbio, v. XXXIX, 2019. S\u00e3o Paulo: LAEL\/PUCSP. ISNN 2237-759X,\u00a0 pp. 162-179<\/p>\n<p>ANTUNES, L. B.; BODOLAY, A. N. <em>Varia\u00e7\u00e3o pros\u00f3dica mineira no \u00e2mbito do projeto AMPER-Por.<\/em> V Congresso Internacional de Dialetologia e Sociolingu\u00edstica. Salvador, set.\/2018.<\/p>\n<p>ANTUNES, L. B.; BODOLAY, A. N. <em>Caracter\u00edsticas pros\u00f3dicas dos falares de Belo Horizonte e Montes Claros<\/em>. XV Semana de Letras da UFOP. Mariana, nov.\/2018.<\/p>\n<p>ANTUNES, L. A varia\u00e7\u00e3o pros\u00f3dica mineira: o projeto AMPER e as falas marianense e belorizontina. Anais do I Encontro sobre Diversidade Lingu\u00edstica de Minas Gerais: cultura e mem\u00f3ria. Belo Horizonte: Faculdade de Letras da UFMG, 2011. p. 117-125. ISBN: 978-85-7758-091-0.<\/p>\n<p>ANTUNES, L. B. An\u00e1lise pros\u00f3dica de senten\u00e7as declarativas e interrogativas do dialeto mineiro (Brasil) com diferentes Sintagmas Nominais (SN&#8217;s) na posi\u00e7\u00e3o de sujeito. Revista Internacional de Lingu\u00edstica Iberoamericana, v.IX, p.141 &#8211; 156, 2011.<\/p>\n<p>MAIRANO, Paolo (org.). Intonations Romanes (DVD). In: G\u00e9olinguistique (ISSN 0761 9081), hors-s\u00e9rie n\u00b0 4, Centre de Dialectologie \/ GIPSA-lab, Grenoble: Ellug, Universit\u00e9 de Grenoble, 2011. Cap\u00edtulos: Belo Horizonte bc55; Belo Horizonte bc56; Mariana bc65; Mariana bc66<\/p>\n<p>MOURA, L. ; ANTUNES, L. B. . A varia\u00e7\u00e3o pros\u00f3dica mineira: descri\u00e7\u00e3o e metologias para estudo. In: XII Semana de Letras &#8211; Pluralidade da Mem\u00f3ria: Leitura, Tradu\u00e7\u00e3o e Pr\u00e1ticas Discursivas, 2013, Mariana. Anais XII Semana de Letras &#8211; Pluralidade da Mem\u00f3ria: Leitura, Tradu\u00e7\u00e3o e Pr\u00e1ticas Discursivas, 2013.<\/p>\n<p>RAMOS, J\u00e2nia; REIS, C\u00e9sar \u2013 \u201cPros\u00f3dia da variedade do Portugu\u00eas Brasileiro: o Estado de Minas Gerais\u201d In: Lurdes de Castro Moutinho &amp; Rosa L\u00eddia Coimbra (Org.) I Jornadas Cient\u00edficas AMPER-POR. Actas, Aveiro, 2007, pp. 79-91.<\/p>\n<p>REIS, C\u00e9sar; ANTUNES, Leandra Batista; PINHA, Vanessa Cristina de Jesus. Pros\u00f3dia de declarativas e interrogativas totais no falar marianense e belorizontino no \u00e2mbito do Projeto AMPER. In: Anais do III Col\u00f3quio Brasileiro de Pros\u00f3dia da Fala. Belo Horizonte. Jun 6-8, 2011. Dispon\u00edvel em: http:\/\/www.periodicos.letras.ufmg.br\/index.php\/anais_coloquio\/article\/viewFile\/1270\/1383<\/p>\n<h5><strong>Trabalhos acad\u00e9micos (ordem alfab\u00e9tica)<\/strong><\/h5>\n<p>ANTUNES, Leandra Batista (Respons\u00e1vel); SANTOS, Leandro Augusto dos (graduando) (2010 \u2013 2011) Projeto:\u00a0\u00a0 Entona\u00e7\u00e3o de senten\u00e7as declarativas e interrogativas no falar de Mariana \u2013 MG Descri\u00e7\u00e3o: Este projeto tem por objetivo descrever a entona\u00e7\u00e3o utilizada em senten\u00e7as declarativas e interrogativas no falar marianense. Situa\u00e7\u00e3o: Conclu\u00eddo Natureza: Projetos de pesquisa Alunos envolvidos: Gradua\u00e7\u00e3o (1).<\/p>\n<p>ANTUNES, Leandra Batista Antunes (Respons\u00e1vel); MOURA, Leandro da Silva (graduando). (2011-2013). A varia\u00e7\u00e3o pros\u00f3dica mineira: descri\u00e7\u00e3o e metodologias para estudo. Descri\u00e7\u00e3o: Este projeto tem por objetivo investigar quest\u00f5es relacionadas \u00e0 varia\u00e7\u00e3o pros\u00f3dica no estado de Minas Gerais, buscando descrever diferen\u00e7as pros\u00f3dicas de falares distintos do estado e tamb\u00e9m refletir a respeito das metodologias utilizadas para investigar a varia\u00e7\u00e3o pros\u00f3dica, seja no estado de Minas Gerais, seja em diversos falares do portugu\u00eas brasileiro. Situa\u00e7\u00e3o: Conclu\u00eddo Natureza: Projetos de pesquisa. Alunos envolvidos: Gradua\u00e7\u00e3o (1).<\/p>\n<p>Bruna Costa Morais Urzedo \u2013 Inicia\u00e7\u00e3o Cient\u00edfica (pesquisa de gradua\u00e7\u00e3o). Projeto: A velocidade de fala e a dura\u00e7\u00e3o sil\u00e1bica como caracter\u00edsticas de regionalidade no falar mineiro \u2013 iniciado em agosto de 2021, com t\u00e9rmino previsto para julho de 2022.<br \/>\nResumo do projeto: este projeto tem por objetivo investigar diferen\u00e7as do falar do norte de Minas (cidade de Montes Claros) com o falar de outras cidades mineiras que se situam no centro do estado (Mariana, Belo Horizonte), a fim de verificar se existem diferen\u00e7as pros\u00f3dicas entre esses falares, principalmente no que se refere \u00e0s medidas de dura\u00e7\u00e3o de s\u00edlabas e de velocidade de fala. Estudos anteriores (ANTUNES; BODOLAY, 2019) indicam que a fala em Montes Claros seria mais lenta que em outras cidades do estado. Partindo dessa hip\u00f3tese, ser\u00e3o investigados novos dados do Projeto AMPER de modo a comparar esses falares e ver se realmente apresentam distin\u00e7\u00e3o quanto \u00e0 velocidade de fala.<br \/>\nBruna Costa Morais Urzedo \u2013 Mestrado \u2013 Projeto: Varia\u00e7\u00e3o pros\u00f3dica mineira \u2013 In\u00edcio: mar\u00e7o de 2022, com t\u00e9rmino previsto para mar\u00e7o de 2024.<\/p>\n<h5><strong>Outras atividades\u00a0 (ordem alfab\u00e9tica)<\/strong><\/h5>\n<p>ANTUNES, Leandra (UFOP): &#8220;O papel das pausas, dos prolongamentos e do tempo de in\u00edcio da resposta na express\u00e3o da d\u00favida em portugu\u00eas brasileiro&#8221; &#8211; Confer\u00eancia plen\u00e1ria apresentada ao II Congresso Internacional Congresso Internacional em Varia\u00e7\u00e3o Lingu\u00edstica nas L\u00ednguas Rom\u00e2nicas, Centro de L\u00ednguas Literaturas e Culturas, Universidade de Aveiro, 22-24 de junho 2021.<\/p>\n<p>ANTUNES L. B. (UFOP), Bodolay A. N. (UFVJM): &#8220;Velocidade de fala no falar mineiro: an\u00e1lise de dados do AMPER&#8221;, Comunica\u00e7\u00e3o oral apresentada ao II Congresso Internacional Congresso Internacional em Varia\u00e7\u00e3o Lingu\u00edstica nas L\u00ednguas Rom\u00e2nicas, Centro de L\u00ednguas Literaturas e Culturas, Universidade de Aveiro, 22-24 de junho 2021.<\/p>\n<p>ANTUNES L. B. (UFOP), Bodolay A. N. (UFVJM): &#8220;Varia\u00e7\u00e3o pros\u00f3dica mineira no \u00e2mbito do projeto AMPER-POR&#8221;, Comunica\u00e7\u00e3o oral apresentada ao Congresso Internacional Congresso Internacional em Varia\u00e7\u00e3o Lingu\u00edstica nas L\u00ednguas Rom\u00e2nicas, Centro de L\u00ednguas Literaturas e Culturas, Universidade de Aveiro, 2-4 de maio 2018.<\/p>\n<p>ANTUNES, Leandra (UFOP): \u201cOs projetos AMPER e ALIB e o estudo da varia\u00e7\u00e3o pros\u00f3dica no estado de Minas Gerais\u201d GSCP 2012 International Conference, realizado entre os dias 29 de fevereiro a 3 de mar\u00e7o de 2012, em Belo Horizonte (MG), na Universidade Federal de Minas Gerais.<\/p>\n<p>ANTUNES, Leandra B. &amp; SANTOS, Leandro Augusto. A varia\u00e7\u00e3o pros\u00f3dica mineira: o Projeto Amper e as falas marianense e belorizontina. In: XI Semana de Letras. 25 a 28 de outubro de 2010. Realiza\u00e7\u00e3o: UFOP &#8211; Mariana, Brasil.<\/p>\n<p>ANTUNES, Leandra Batista &#8211; A varia\u00e7\u00e3o pros\u00f3dica mineira: o projeto amper e as falas marianense e belorizontina In: 1\u00ba Congresso Sobre a Diversidade Lingu\u00edstica de Minas Gerais \u2013 08 a 10 de setembro de 2010 \u2013 Realiza\u00e7\u00e3o: UFMG e UFOP \u2013 Ouro Preto, Brasil.<\/p>\n<p>ANTUNES, Leandra Batista, Leandro da Silva MOURA (2015). &#8220;Estudos da varia\u00e7\u00e3o pros\u00f3dica em Minas Gerais por meio do projeto AMPER-POR&#8221;. Poster apresentado ao Col\u00f3quio Internacional de Geopros\u00f3dia do Portugu\u00eas e do Galego, Universidade de Aveiro \u2013 Aveiro, Portugal, 17-19 de junho de 2015.<\/p>\n<p>ANTUNES, Leandra Batista. Entona\u00e7\u00e3o de senten\u00e7as declarativas e interrogativas no dialeto mineiro. In: II Col\u00f3quio de Pros\u00f3dia. 04 e 05 de junho de 2009. Realiza\u00e7\u00e3o: UNICAMP \u2013 Campinas, Brasil.<\/p>\n<p>MOURA, Leandro. A Varia\u00e7\u00e3o Pros\u00f3dica Mineira: Descri\u00e7\u00e3o e Metodologias para Estudo. 2012. (Apresenta\u00e7\u00e3o de Trabalho\/Comunica\u00e7\u00e3o). XII Semana de Letras da UFOP.<\/p>\n<p>MOUTINHO, L. C.; ANTUNES, L. B.; CRUZ, R. C. F. \u201cAtlas Multim\u00e9dia Pros\u00f3dico do Espa\u00e7o Rom\u00e2nico (AMPER): do seu in\u00edcio \u00e0 atualidade\u201d. Comunica\u00e7\u00e3o apresentada no V Congresso Internacional de Dialetologia e Sociolingu\u00edstica (CIDS), Universidade Federal da Bahia, 11-14 de setembro 2018.<\/p>\n<p>REIS, C\u00e9sar e\u00a0 MALTA, Isabella. &#8220;Declarativas e interrogativas com falantes de Belo Horizonte e Montes Claros no \u00e2mbito do Projeto Amper&#8221; &#8211; a ser apresentado no IV Col\u00f3quio Brasileiro de Pros\u00f3dia da Fala, a realizar-se em Macei\u00f3 de 18 a 24 de agosto de 2013.<\/p>\n","protected":false},"excerpt":{"rendered":"<p>Equipa Projecto sediado em: Departamento de Letras da Universidade Federal de Ouro Preto (Mariana, MG) &#8211; Leandra Batista Antunes (Respons\u00e1vel de equipa &#8211; nome para contacto, Doutora, Universidade Federal de Ouro Preto) &#8211; Adriana Nascimento Bodolay (Doutora, Universidade Federal dos Vales do Jequitinhonha e Mucuri) Pontos de recolha Projetos relacionados com o AMPER- POR Conclu\u00eddos <a class=\"read-more\" href=\"https:\/\/www.varialing.eu\/?page_id=1019\">Read More<\/a><\/p>\n","protected":false},"author":2,"featured_media":0,"parent":272,"menu_order":0,"comment_status":"closed","ping_status":"closed","template":"","meta":{"footnotes":""},"class_list":["post-1019","page","type-page","status-publish","hentry"],"_links":{"self":[{"href":"https:\/\/www.varialing.eu\/index.php?rest_route=\/wp\/v2\/pages\/1019","targetHints":{"allow":["GET"]}}],"collection":[{"href":"https:\/\/www.varialing.eu\/index.php?rest_route=\/wp\/v2\/pages"}],"about":[{"href":"https:\/\/www.varialing.eu\/index.php?rest_route=\/wp\/v2\/types\/page"}],"author":[{"embeddable":true,"href":"https:\/\/www.varialing.eu\/index.php?rest_route=\/wp\/v2\/users\/2"}],"replies":[{"embeddable":true,"href":"https:\/\/www.varialing.eu\/index.php?rest_route=%2Fwp%2Fv2%2Fcomments&post=1019"}],"version-history":[{"count":19,"href":"https:\/\/www.varialing.eu\/index.php?rest_route=\/wp\/v2\/pages\/1019\/revisions"}],"predecessor-version":[{"id":6587,"href":"https:\/\/www.varialing.eu\/index.php?rest_route=\/wp\/v2\/pages\/1019\/revisions\/6587"}],"up":[{"embeddable":true,"href":"https:\/\/www.varialing.eu\/index.php?rest_route=\/wp\/v2\/pages\/272"}],"wp:attachment":[{"href":"https:\/\/www.varialing.eu\/index.php?rest_route=%2Fwp%2Fv2%2Fmedia&parent=1019"}],"curies":[{"name":"wp","href":"https:\/\/api.w.org\/{rel}","templated":true}]}}